

{"version":"1.0","provider_name":"Gestions hospitali\u00e8res","provider_url":"https:\/\/www.ricom-web8.com\/gestions","author_name":"Gestions hospitali\u00e8res","author_url":"https:\/\/www.ricom-web8.com\/gestions\/author\/benjamin\/","title":"Acc\u00e8s aux soins de r\u00e9adaptation et handicap - Gestions hospitali\u00e8res","type":"rich","width":600,"height":338,"html":"<blockquote class=\"wp-embedded-content\" data-secret=\"TBagaOUjF2\"><a href=\"https:\/\/www.ricom-web8.com\/gestions\/acces-aux-soins-de-readaptation-handicap\/\">Acc\u00e8s aux soins de r\u00e9adaptation et handicap<\/a><\/blockquote><iframe sandbox=\"allow-scripts\" security=\"restricted\" src=\"https:\/\/www.ricom-web8.com\/gestions\/acces-aux-soins-de-readaptation-handicap\/embed\/#?secret=TBagaOUjF2\" width=\"600\" height=\"338\" title=\"\u00ab\u00a0Acc\u00e8s aux soins de r\u00e9adaptation et handicap\u00a0\u00bb &#8212; Gestions hospitali\u00e8res\" data-secret=\"TBagaOUjF2\" frameborder=\"0\" marginwidth=\"0\" marginheight=\"0\" scrolling=\"no\" class=\"wp-embedded-content\"><\/iframe><script type=\"text\/javascript\">\n\/* <![CDATA[ *\/\n\/*! This file is auto-generated *\/\n!function(d,l){\"use strict\";l.querySelector&&d.addEventListener&&\"undefined\"!=typeof URL&&(d.wp=d.wp||{},d.wp.receiveEmbedMessage||(d.wp.receiveEmbedMessage=function(e){var t=e.data;if((t||t.secret||t.message||t.value)&&!\/[^a-zA-Z0-9]\/.test(t.secret)){for(var s,r,n,a=l.querySelectorAll('iframe[data-secret=\"'+t.secret+'\"]'),o=l.querySelectorAll('blockquote[data-secret=\"'+t.secret+'\"]'),c=new RegExp(\"^https?:$\",\"i\"),i=0;i<o.length;i++)o[i].style.display=\"none\";for(i=0;i<a.length;i++)s=a[i],e.source===s.contentWindow&&(s.removeAttribute(\"style\"),\"height\"===t.message?(1e3<(r=parseInt(t.value,10))?r=1e3:~~r<200&&(r=200),s.height=r):\"link\"===t.message&&(r=new URL(s.getAttribute(\"src\")),n=new URL(t.value),c.test(n.protocol))&&n.host===r.host&&l.activeElement===s&&(d.top.location.href=t.value))}},d.addEventListener(\"message\",d.wp.receiveEmbedMessage,!1),l.addEventListener(\"DOMContentLoaded\",function(){for(var e,t,s=l.querySelectorAll(\"iframe.wp-embedded-content\"),r=0;r<s.length;r++)(t=(e=s[r]).getAttribute(\"data-secret\"))||(t=Math.random().toString(36).substring(2,12),e.src+=\"#?secret=\"+t,e.setAttribute(\"data-secret\",t)),e.contentWindow.postMessage({message:\"ready\",secret:t},\"*\")},!1)))}(window,document);\n\/* ]]> *\/\n<\/script>\n","description":"L\u2019Organisation mondiale de la sant\u00e9 (OMS) d\u00e9finit la r\u00e9adaptation m\u00e9dicale comme \u00ab l\u2019application coordonn\u00e9e et combin\u00e9e de mesures dans les domaines m\u00e9dical, social, psychique, technique et p\u00e9dagogique, qui peuvent aider \u00e0 remettre le patient \u00e0 la place qui lui convient le mieux dans la soci\u00e9t\u00e9 ou\/et \u00e0 lui conserver cette place \u00bb.\u00a0Si la r\u00e9adaptation m\u00e9dicale \u00e9tait bien identifi\u00e9e dans le syst\u00e8me de soins fran\u00e7ais dans les ann\u00e9es 1960, les lois&hellip;"}