

{"version":"1.0","provider_name":"Gestions hospitali\u00e8res","provider_url":"https:\/\/www.ricom-web8.com\/gestions","author_name":"Gestions hospitali\u00e8res","author_url":"https:\/\/www.ricom-web8.com\/gestions\/author\/benjamin\/","title":"Accoucher et na\u00eetre\u2026 - Gestions hospitali\u00e8res","type":"rich","width":600,"height":338,"html":"<blockquote class=\"wp-embedded-content\" data-secret=\"EUEA8723fd\"><a href=\"https:\/\/www.ricom-web8.com\/gestions\/accoucher-et-naitre\/\">Accoucher et na\u00eetre\u2026<\/a><\/blockquote><iframe sandbox=\"allow-scripts\" security=\"restricted\" src=\"https:\/\/www.ricom-web8.com\/gestions\/accoucher-et-naitre\/embed\/#?secret=EUEA8723fd\" width=\"600\" height=\"338\" title=\"\u00ab\u00a0Accoucher et na\u00eetre\u2026\u00a0\u00bb &#8212; Gestions hospitali\u00e8res\" data-secret=\"EUEA8723fd\" frameborder=\"0\" marginwidth=\"0\" marginheight=\"0\" scrolling=\"no\" class=\"wp-embedded-content\"><\/iframe><script type=\"text\/javascript\">\n\/* <![CDATA[ *\/\n\/*! This file is auto-generated *\/\n!function(d,l){\"use strict\";l.querySelector&&d.addEventListener&&\"undefined\"!=typeof URL&&(d.wp=d.wp||{},d.wp.receiveEmbedMessage||(d.wp.receiveEmbedMessage=function(e){var t=e.data;if((t||t.secret||t.message||t.value)&&!\/[^a-zA-Z0-9]\/.test(t.secret)){for(var s,r,n,a=l.querySelectorAll('iframe[data-secret=\"'+t.secret+'\"]'),o=l.querySelectorAll('blockquote[data-secret=\"'+t.secret+'\"]'),c=new RegExp(\"^https?:$\",\"i\"),i=0;i<o.length;i++)o[i].style.display=\"none\";for(i=0;i<a.length;i++)s=a[i],e.source===s.contentWindow&&(s.removeAttribute(\"style\"),\"height\"===t.message?(1e3<(r=parseInt(t.value,10))?r=1e3:~~r<200&&(r=200),s.height=r):\"link\"===t.message&&(r=new URL(s.getAttribute(\"src\")),n=new URL(t.value),c.test(n.protocol))&&n.host===r.host&&l.activeElement===s&&(d.top.location.href=t.value))}},d.addEventListener(\"message\",d.wp.receiveEmbedMessage,!1),l.addEventListener(\"DOMContentLoaded\",function(){for(var e,t,s=l.querySelectorAll(\"iframe.wp-embedded-content\"),r=0;r<s.length;r++)(t=(e=s[r]).getAttribute(\"data-secret\"))||(t=Math.random().toString(36).substring(2,12),e.src+=\"#?secret=\"+t,e.setAttribute(\"data-secret\",t)),e.contentWindow.postMessage({message:\"ready\",secret:t},\"*\")},!1)))}(window,document);\n\/* ]]> *\/\n<\/script>\n","description":"La sant\u00e9 est devenue un lieu de d\u00e9bat politique et soci\u00e9tal que le collectif AlterMater entend porter. Pour le Pr\u00a0Pierre\u00a0Mar\u00e8s, \u00ab\u2009le moment est venu de croiser les informations que nous tirons de nos exp\u00e9riences professionnelles respectives. Et de les inscrire dans les transformations politiques actuelles\u2009\u00bb. Dans notre pays, la qualit\u00e9 des soins prodigu\u00e9s \u00e0 des patients d\u00e9sormais inform\u00e9s et actifs est en jeu. L\u2019\u00e9galit\u00e9 d\u2019acc\u00e8s aux soins revendiqu\u00e9e ne serait&hellip;"}