

{"version":"1.0","provider_name":"Gestions hospitali\u00e8res","provider_url":"https:\/\/www.ricom-web8.com\/gestions","author_name":"Gestions hospitali\u00e8res","author_url":"https:\/\/www.ricom-web8.com\/gestions\/author\/benjamin\/","title":"\u00c0 l\u2019\u00e9coute des professionnels de sant\u00e9 - Gestions hospitali\u00e8res","type":"rich","width":600,"height":338,"html":"<blockquote class=\"wp-embedded-content\" data-secret=\"i6CuXSbAvF\"><a href=\"https:\/\/www.ricom-web8.com\/gestions\/actualites\/a-lecoute-des-professionnels-de-sante\/\">\u00c0 l\u2019\u00e9coute des professionnels de sant\u00e9<\/a><\/blockquote><iframe sandbox=\"allow-scripts\" security=\"restricted\" src=\"https:\/\/www.ricom-web8.com\/gestions\/actualites\/a-lecoute-des-professionnels-de-sante\/embed\/#?secret=i6CuXSbAvF\" width=\"600\" height=\"338\" title=\"\u00ab\u00a0\u00c0 l\u2019\u00e9coute des professionnels de sant\u00e9\u00a0\u00bb &#8212; Gestions hospitali\u00e8res\" data-secret=\"i6CuXSbAvF\" frameborder=\"0\" marginwidth=\"0\" marginheight=\"0\" scrolling=\"no\" class=\"wp-embedded-content\"><\/iframe><script type=\"text\/javascript\">\n\/* <![CDATA[ *\/\n\/*! This file is auto-generated *\/\n!function(d,l){\"use strict\";l.querySelector&&d.addEventListener&&\"undefined\"!=typeof URL&&(d.wp=d.wp||{},d.wp.receiveEmbedMessage||(d.wp.receiveEmbedMessage=function(e){var t=e.data;if((t||t.secret||t.message||t.value)&&!\/[^a-zA-Z0-9]\/.test(t.secret)){for(var s,r,n,a=l.querySelectorAll('iframe[data-secret=\"'+t.secret+'\"]'),o=l.querySelectorAll('blockquote[data-secret=\"'+t.secret+'\"]'),c=new RegExp(\"^https?:$\",\"i\"),i=0;i<o.length;i++)o[i].style.display=\"none\";for(i=0;i<a.length;i++)s=a[i],e.source===s.contentWindow&&(s.removeAttribute(\"style\"),\"height\"===t.message?(1e3<(r=parseInt(t.value,10))?r=1e3:~~r<200&&(r=200),s.height=r):\"link\"===t.message&&(r=new URL(s.getAttribute(\"src\")),n=new URL(t.value),c.test(n.protocol))&&n.host===r.host&&l.activeElement===s&&(d.top.location.href=t.value))}},d.addEventListener(\"message\",d.wp.receiveEmbedMessage,!1),l.addEventListener(\"DOMContentLoaded\",function(){for(var e,t,s=l.querySelectorAll(\"iframe.wp-embedded-content\"),r=0;r<s.length;r++)(t=(e=s[r]).getAttribute(\"data-secret\"))||(t=Math.random().toString(36).substring(2,12),e.src+=\"#?secret=\"+t,e.setAttribute(\"data-secret\",t)),e.contentWindow.postMessage({message:\"ready\",secret:t},\"*\")},!1)))}(window,document);\n\/* ]]> *\/\n<\/script>\n","description":"En progression constante depuis son lancement en 2016, le num\u00e9ro vert Soins aux professionnels de sant\u00e9 (SPS) &#8211; 08 05 23 23 36 &#8211; affiche, une nouvelle fois, un niveau \u00e9lev\u00e9 d\u2019activit\u00e9 avec plus de 6\u2009000 appels en 2023. Pr\u00e8s de 30\u2009000 appels ont ainsi \u00e9t\u00e9 enregistr\u00e9s depuis sept ans. Ce bilan annuel, qui d\u00e9voile le nombre, les motifs et le niveau de s\u00e9v\u00e9rit\u00e9 des appels, ainsi que leur r\u00e9partition&hellip;"}