

{"version":"1.0","provider_name":"Gestions hospitali\u00e8res","provider_url":"https:\/\/www.ricom-web8.com\/gestions","author_name":"yann Le Sager","author_url":"https:\/\/www.ricom-web8.com\/gestions\/author\/lesager-yannstudioricom-com\/","title":"L\u2019acc\u00e8s aux services de la vie courante - Gestions hospitali\u00e8res","type":"rich","width":600,"height":338,"html":"<blockquote class=\"wp-embedded-content\" data-secret=\"p3lItkCQ7t\"><a href=\"https:\/\/www.ricom-web8.com\/gestions\/actualites\/de-forts-ecarts-entre-territoires\/\">L\u2019acc\u00e8s aux services de la vie courante<\/a><\/blockquote><iframe sandbox=\"allow-scripts\" security=\"restricted\" src=\"https:\/\/www.ricom-web8.com\/gestions\/actualites\/de-forts-ecarts-entre-territoires\/embed\/#?secret=p3lItkCQ7t\" width=\"600\" height=\"338\" title=\"\u00ab\u00a0L\u2019acc\u00e8s aux services de la vie courante\u00a0\u00bb &#8212; Gestions hospitali\u00e8res\" data-secret=\"p3lItkCQ7t\" frameborder=\"0\" marginwidth=\"0\" marginheight=\"0\" scrolling=\"no\" class=\"wp-embedded-content\"><\/iframe><script type=\"text\/javascript\">\n\/* <![CDATA[ *\/\n\/*! This file is auto-generated *\/\n!function(d,l){\"use strict\";l.querySelector&&d.addEventListener&&\"undefined\"!=typeof URL&&(d.wp=d.wp||{},d.wp.receiveEmbedMessage||(d.wp.receiveEmbedMessage=function(e){var t=e.data;if((t||t.secret||t.message||t.value)&&!\/[^a-zA-Z0-9]\/.test(t.secret)){for(var s,r,n,a=l.querySelectorAll('iframe[data-secret=\"'+t.secret+'\"]'),o=l.querySelectorAll('blockquote[data-secret=\"'+t.secret+'\"]'),c=new RegExp(\"^https?:$\",\"i\"),i=0;i<o.length;i++)o[i].style.display=\"none\";for(i=0;i<a.length;i++)s=a[i],e.source===s.contentWindow&&(s.removeAttribute(\"style\"),\"height\"===t.message?(1e3<(r=parseInt(t.value,10))?r=1e3:~~r<200&&(r=200),s.height=r):\"link\"===t.message&&(r=new URL(s.getAttribute(\"src\")),n=new URL(t.value),c.test(n.protocol))&&n.host===r.host&&l.activeElement===s&&(d.top.location.href=t.value))}},d.addEventListener(\"message\",d.wp.receiveEmbedMessage,!1),l.addEventListener(\"DOMContentLoaded\",function(){for(var e,t,s=l.querySelectorAll(\"iframe.wp-embedded-content\"),r=0;r<s.length;r++)(t=(e=s[r]).getAttribute(\"data-secret\"))||(t=Math.random().toString(36).substring(2,12),e.src+=\"#?secret=\"+t,e.setAttribute(\"data-secret\",t)),e.contentWindow.postMessage({message:\"ready\",secret:t},\"*\")},!1)))}(window,document);\n\/* ]]> *\/\n<\/script>\n","description":"L\u2019Insee publie une \u00e9tude nationale et des \u00e9tudes r\u00e9gionales pour analyser les disparit\u00e9s de temps d\u2019acc\u00e8s aux services selon les territoires. Le temps de trajet est un crit\u00e8re pr\u00e9pond\u00e9rant de l\u2019accessibilit\u00e9 aux services. En France m\u00e9tropolitaine, un habitant sur deux acc\u00e8de en moins de 4 minutes, par voie routi\u00e8re, aux principaux services de la vie courante. Entre les communes les plus \u00ab denses \u00bb et les moins \u00ab denses \u00bb,&hellip;","thumbnail_url":"https:\/\/www.ricom-web8.com\/gestions\/wp-content\/uploads\/2016\/01\/couv_inseepremiere-e1475255001231.png","thumbnail_width":149,"thumbnail_height":202}