

{"version":"1.0","provider_name":"Gestions hospitali\u00e8res","provider_url":"https:\/\/www.ricom-web8.com\/gestions","author_name":"Gestions hospitali\u00e8res","author_url":"https:\/\/www.ricom-web8.com\/gestions\/author\/benjamin\/","title":"Des soins \u00e9quitables partout dans le monde - Gestions hospitali\u00e8res","type":"rich","width":600,"height":338,"html":"<blockquote class=\"wp-embedded-content\" data-secret=\"ao0ff11JHQ\"><a href=\"https:\/\/www.ricom-web8.com\/gestions\/actualites\/des-soins-equitables-partout-dans-le-monde\/\">Des soins \u00e9quitables partout dans le monde<\/a><\/blockquote><iframe sandbox=\"allow-scripts\" security=\"restricted\" src=\"https:\/\/www.ricom-web8.com\/gestions\/actualites\/des-soins-equitables-partout-dans-le-monde\/embed\/#?secret=ao0ff11JHQ\" width=\"600\" height=\"338\" title=\"\u00ab\u00a0Des soins \u00e9quitables partout dans le monde\u00a0\u00bb &#8212; Gestions hospitali\u00e8res\" data-secret=\"ao0ff11JHQ\" frameborder=\"0\" marginwidth=\"0\" marginheight=\"0\" scrolling=\"no\" class=\"wp-embedded-content\"><\/iframe><script type=\"text\/javascript\">\n\/* <![CDATA[ *\/\n\/*! This file is auto-generated *\/\n!function(d,l){\"use strict\";l.querySelector&&d.addEventListener&&\"undefined\"!=typeof URL&&(d.wp=d.wp||{},d.wp.receiveEmbedMessage||(d.wp.receiveEmbedMessage=function(e){var t=e.data;if((t||t.secret||t.message||t.value)&&!\/[^a-zA-Z0-9]\/.test(t.secret)){for(var s,r,n,a=l.querySelectorAll('iframe[data-secret=\"'+t.secret+'\"]'),o=l.querySelectorAll('blockquote[data-secret=\"'+t.secret+'\"]'),c=new RegExp(\"^https?:$\",\"i\"),i=0;i<o.length;i++)o[i].style.display=\"none\";for(i=0;i<a.length;i++)s=a[i],e.source===s.contentWindow&&(s.removeAttribute(\"style\"),\"height\"===t.message?(1e3<(r=parseInt(t.value,10))?r=1e3:~~r<200&&(r=200),s.height=r):\"link\"===t.message&&(r=new URL(s.getAttribute(\"src\")),n=new URL(t.value),c.test(n.protocol))&&n.host===r.host&&l.activeElement===s&&(d.top.location.href=t.value))}},d.addEventListener(\"message\",d.wp.receiveEmbedMessage,!1),l.addEventListener(\"DOMContentLoaded\",function(){for(var e,t,s=l.querySelectorAll(\"iframe.wp-embedded-content\"),r=0;r<s.length;r++)(t=(e=s[r]).getAttribute(\"data-secret\"))||(t=Math.random().toString(36).substring(2,12),e.src+=\"#?secret=\"+t,e.setAttribute(\"data-secret\",t)),e.contentWindow.postMessage({message:\"ready\",secret:t},\"*\")},!1)))}(window,document);\n\/* ]]> *\/\n<\/script>\n","description":"\u00c0\u00a0l\u2019occasion de la Journ\u00e9e mondiale contre le cancer du 4 f\u00e9vrier, l\u2019Union internationale contre le cancer (UICC) a publi\u00e9 son rapport sur l\u2019\u00e9quit\u00e9, avec des perspectives et des exp\u00e9riences locales sur les injustices en mati\u00e8re de soins contre le cancer, ainsi que des recommandations d\u2019experts sur la mani\u00e8re d\u2019y rem\u00e9dier. Pour cette derni\u00e8re ann\u00e9e de la campagne \u00ab\u2009Pour des soins plus justes\u2009\u00bb, qui met en lumi\u00e8re les injustices importantes qui&hellip;","thumbnail_url":"https:\/\/www.ricom-web8.com\/gestions\/wp-content\/uploads\/2024\/03\/Capture-decran-2024-03-31-a-11.55.16.jpg","thumbnail_width":705,"thumbnail_height":1000}