

{"version":"1.0","provider_name":"Gestions hospitali\u00e8res","provider_url":"https:\/\/www.ricom-web8.com\/gestions","author_name":"Claire Marvanne","author_url":"https:\/\/www.ricom-web8.com\/gestions\/author\/claire\/","title":"Gestion des lits et SI - Gestions hospitali\u00e8res","type":"rich","width":600,"height":338,"html":"<blockquote class=\"wp-embedded-content\" data-secret=\"zhVDWrGrGs\"><a href=\"https:\/\/www.ricom-web8.com\/gestions\/actualites\/gestion-des-lits-et-si\/\">Gestion des lits et SI<\/a><\/blockquote><iframe sandbox=\"allow-scripts\" security=\"restricted\" src=\"https:\/\/www.ricom-web8.com\/gestions\/actualites\/gestion-des-lits-et-si\/embed\/#?secret=zhVDWrGrGs\" width=\"600\" height=\"338\" title=\"\u00ab\u00a0Gestion des lits et SI\u00a0\u00bb &#8212; Gestions hospitali\u00e8res\" data-secret=\"zhVDWrGrGs\" frameborder=\"0\" marginwidth=\"0\" marginheight=\"0\" scrolling=\"no\" class=\"wp-embedded-content\"><\/iframe><script type=\"text\/javascript\">\n\/* <![CDATA[ *\/\n\/*! This file is auto-generated *\/\n!function(d,l){\"use strict\";l.querySelector&&d.addEventListener&&\"undefined\"!=typeof URL&&(d.wp=d.wp||{},d.wp.receiveEmbedMessage||(d.wp.receiveEmbedMessage=function(e){var t=e.data;if((t||t.secret||t.message||t.value)&&!\/[^a-zA-Z0-9]\/.test(t.secret)){for(var s,r,n,a=l.querySelectorAll('iframe[data-secret=\"'+t.secret+'\"]'),o=l.querySelectorAll('blockquote[data-secret=\"'+t.secret+'\"]'),c=new RegExp(\"^https?:$\",\"i\"),i=0;i<o.length;i++)o[i].style.display=\"none\";for(i=0;i<a.length;i++)s=a[i],e.source===s.contentWindow&&(s.removeAttribute(\"style\"),\"height\"===t.message?(1e3<(r=parseInt(t.value,10))?r=1e3:~~r<200&&(r=200),s.height=r):\"link\"===t.message&&(r=new URL(s.getAttribute(\"src\")),n=new URL(t.value),c.test(n.protocol))&&n.host===r.host&&l.activeElement===s&&(d.top.location.href=t.value))}},d.addEventListener(\"message\",d.wp.receiveEmbedMessage,!1),l.addEventListener(\"DOMContentLoaded\",function(){for(var e,t,s=l.querySelectorAll(\"iframe.wp-embedded-content\"),r=0;r<s.length;r++)(t=(e=s[r]).getAttribute(\"data-secret\"))||(t=Math.random().toString(36).substring(2,12),e.src+=\"#?secret=\"+t,e.setAttribute(\"data-secret\",t)),e.contentWindow.postMessage({message:\"ready\",secret:t},\"*\")},!1)))}(window,document);\n\/* ]]> *\/\n<\/script>\n","description":"Depuis juin dernier, l\u2019Agence nationale d\u2019appui \u00e0 la performance des \u00e9tablissements de sant\u00e9 et m\u00e9dico-sociaux (Anap) propose une plate-forme qui rassemble l\u2019ensemble des productions r\u00e9alis\u00e9es dans le cadre des travaux du programme national Gestion des lits, permettant ainsi \u00e0 tous les professionnels d\u2019acc\u00e9der facilement aux connaissances pertinentes li\u00e9es \u00e0 l\u2019organisation du s\u00e9jour et du parcours du patient au sein de l\u2019h\u00f4pital. Elle s\u2019adresse aussi bien aux \u00e9tablissements publics qu\u2019aux Espic&hellip;","thumbnail_url":"https:\/\/www.ricom-web8.com\/gestions\/wp-content\/uploads\/2016\/10\/ill_2016_391_02.png","thumbnail_width":444,"thumbnail_height":158}