

{"version":"1.0","provider_name":"Gestions hospitali\u00e8res","provider_url":"https:\/\/www.ricom-web8.com\/gestions","author_name":"Gestions hospitali\u00e8res","author_url":"https:\/\/www.ricom-web8.com\/gestions\/author\/benjamin\/","title":"Hommage \u00e0 Simone Veil - Gestions hospitali\u00e8res","type":"rich","width":600,"height":338,"html":"<blockquote class=\"wp-embedded-content\" data-secret=\"iwXLd3yJTE\"><a href=\"https:\/\/www.ricom-web8.com\/gestions\/actualites\/hommage-a-simone-veil\/\">Hommage \u00e0 Simone Veil<\/a><\/blockquote><iframe sandbox=\"allow-scripts\" security=\"restricted\" src=\"https:\/\/www.ricom-web8.com\/gestions\/actualites\/hommage-a-simone-veil\/embed\/#?secret=iwXLd3yJTE\" width=\"600\" height=\"338\" title=\"\u00ab\u00a0Hommage \u00e0 Simone Veil\u00a0\u00bb &#8212; Gestions hospitali\u00e8res\" data-secret=\"iwXLd3yJTE\" frameborder=\"0\" marginwidth=\"0\" marginheight=\"0\" scrolling=\"no\" class=\"wp-embedded-content\"><\/iframe><script type=\"text\/javascript\">\n\/* <![CDATA[ *\/\n\/*! This file is auto-generated *\/\n!function(d,l){\"use strict\";l.querySelector&&d.addEventListener&&\"undefined\"!=typeof URL&&(d.wp=d.wp||{},d.wp.receiveEmbedMessage||(d.wp.receiveEmbedMessage=function(e){var t=e.data;if((t||t.secret||t.message||t.value)&&!\/[^a-zA-Z0-9]\/.test(t.secret)){for(var s,r,n,a=l.querySelectorAll('iframe[data-secret=\"'+t.secret+'\"]'),o=l.querySelectorAll('blockquote[data-secret=\"'+t.secret+'\"]'),c=new RegExp(\"^https?:$\",\"i\"),i=0;i<o.length;i++)o[i].style.display=\"none\";for(i=0;i<a.length;i++)s=a[i],e.source===s.contentWindow&&(s.removeAttribute(\"style\"),\"height\"===t.message?(1e3<(r=parseInt(t.value,10))?r=1e3:~~r<200&&(r=200),s.height=r):\"link\"===t.message&&(r=new URL(s.getAttribute(\"src\")),n=new URL(t.value),c.test(n.protocol))&&n.host===r.host&&l.activeElement===s&&(d.top.location.href=t.value))}},d.addEventListener(\"message\",d.wp.receiveEmbedMessage,!1),l.addEventListener(\"DOMContentLoaded\",function(){for(var e,t,s=l.querySelectorAll(\"iframe.wp-embedded-content\"),r=0;r<s.length;r++)(t=(e=s[r]).getAttribute(\"data-secret\"))||(t=Math.random().toString(36).substring(2,12),e.src+=\"#?secret=\"+t,e.setAttribute(\"data-secret\",t)),e.contentWindow.postMessage({message:\"ready\",secret:t},\"*\")},!1)))}(window,document);\n\/* ]]> *\/\n<\/script>\n","description":"Simone Veil sur le stand de Gestions hospitali\u00e8res, en d\u00e9cembre 1975, lors des 6es Assises nationales de l&#8217;hospitalisation publique, lorsqu&#8217;elle \u00e9tait ministre de la Sant\u00e9 sous le gouvernement Giscard. \u00c0 sa gauche, Pierre Raynaud, d\u00e9l\u00e9gu\u00e9 g\u00e9n\u00e9ral de la FHF, Henri Terraillon, fondateur de la revue, et Michel Beltoise, chef de publicit\u00e9. La disparition de Simone Veil en ce d\u00e9but d\u2019\u00e9t\u00e9 a \u00e9t\u00e9 un choc pour beaucoup de Fran\u00e7ais et de&hellip;"}