

{"version":"1.0","provider_name":"Gestions hospitali\u00e8res","provider_url":"https:\/\/www.ricom-web8.com\/gestions","author_name":"Gestions hospitali\u00e8res","author_url":"https:\/\/www.ricom-web8.com\/gestions\/author\/benjamin\/","title":"Infirmiers en pratique avanc\u00e9e, \u00e9tat des lieux - Gestions hospitali\u00e8res","type":"rich","width":600,"height":338,"html":"<blockquote class=\"wp-embedded-content\" data-secret=\"XQ2Hmmf7Gr\"><a href=\"https:\/\/www.ricom-web8.com\/gestions\/actualites\/infirmiers-en-pratique-avancee-etat-des-lieux\/\">Infirmiers en pratique avanc\u00e9e, \u00e9tat des lieux<\/a><\/blockquote><iframe sandbox=\"allow-scripts\" security=\"restricted\" src=\"https:\/\/www.ricom-web8.com\/gestions\/actualites\/infirmiers-en-pratique-avancee-etat-des-lieux\/embed\/#?secret=XQ2Hmmf7Gr\" width=\"600\" height=\"338\" title=\"\u00ab\u00a0Infirmiers en pratique avanc\u00e9e, \u00e9tat des lieux\u00a0\u00bb &#8212; Gestions hospitali\u00e8res\" data-secret=\"XQ2Hmmf7Gr\" frameborder=\"0\" marginwidth=\"0\" marginheight=\"0\" scrolling=\"no\" class=\"wp-embedded-content\"><\/iframe><script type=\"text\/javascript\">\n\/* <![CDATA[ *\/\n\/*! This file is auto-generated *\/\n!function(d,l){\"use strict\";l.querySelector&&d.addEventListener&&\"undefined\"!=typeof URL&&(d.wp=d.wp||{},d.wp.receiveEmbedMessage||(d.wp.receiveEmbedMessage=function(e){var t=e.data;if((t||t.secret||t.message||t.value)&&!\/[^a-zA-Z0-9]\/.test(t.secret)){for(var s,r,n,a=l.querySelectorAll('iframe[data-secret=\"'+t.secret+'\"]'),o=l.querySelectorAll('blockquote[data-secret=\"'+t.secret+'\"]'),c=new RegExp(\"^https?:$\",\"i\"),i=0;i<o.length;i++)o[i].style.display=\"none\";for(i=0;i<a.length;i++)s=a[i],e.source===s.contentWindow&&(s.removeAttribute(\"style\"),\"height\"===t.message?(1e3<(r=parseInt(t.value,10))?r=1e3:~~r<200&&(r=200),s.height=r):\"link\"===t.message&&(r=new URL(s.getAttribute(\"src\")),n=new URL(t.value),c.test(n.protocol))&&n.host===r.host&&l.activeElement===s&&(d.top.location.href=t.value))}},d.addEventListener(\"message\",d.wp.receiveEmbedMessage,!1),l.addEventListener(\"DOMContentLoaded\",function(){for(var e,t,s=l.querySelectorAll(\"iframe.wp-embedded-content\"),r=0;r<s.length;r++)(t=(e=s[r]).getAttribute(\"data-secret\"))||(t=Math.random().toString(36).substring(2,12),e.src+=\"#?secret=\"+t,e.setAttribute(\"data-secret\",t)),e.contentWindow.postMessage({message:\"ready\",secret:t},\"*\")},!1)))}(window,document);\n\/* ]]> *\/\n<\/script>\n","description":"La notion de pratique avanc\u00e9e correspond \u00e0 l\u2019\u00e9largissement et \u00e0 la transversalit\u00e9 des comp\u00e9tences et des responsabilit\u00e9s. Pour pr\u00e9tendre \u00e0 cet exercice, en ville ou en \u00e9tablissement de sant\u00e9, les infirmiers doivent disposer d\u2019une anciennet\u00e9 de pratique de trois ans, puis avoir suivi une formation compl\u00e9mentaire d\u2019une dur\u00e9e de deux ann\u00e9es de niveau master, dans l\u2019une des cinq \u00ab\u2009mentions\u2009\u00bb retenues par le l\u00e9gislateur\u2009: pathologies chroniques stabilis\u00e9es, oncologie et h\u00e9mato-oncologie, maladie&hellip;"}