

{"version":"1.0","provider_name":"Gestions hospitali\u00e8res","provider_url":"https:\/\/www.ricom-web8.com\/gestions","author_name":"Gestions hospitali\u00e8res","author_url":"https:\/\/www.ricom-web8.com\/gestions\/author\/benjamin\/","title":"Isolement et contention en 2022 - Gestions hospitali\u00e8res","type":"rich","width":600,"height":338,"html":"<blockquote class=\"wp-embedded-content\" data-secret=\"aWge5RncKC\"><a href=\"https:\/\/www.ricom-web8.com\/gestions\/actualites\/isolement-et-contention-en-2022\/\">Isolement et contention en 2022<\/a><\/blockquote><iframe sandbox=\"allow-scripts\" security=\"restricted\" src=\"https:\/\/www.ricom-web8.com\/gestions\/actualites\/isolement-et-contention-en-2022\/embed\/#?secret=aWge5RncKC\" width=\"600\" height=\"338\" title=\"\u00ab\u00a0Isolement et contention en 2022\u00a0\u00bb &#8212; Gestions hospitali\u00e8res\" data-secret=\"aWge5RncKC\" frameborder=\"0\" marginwidth=\"0\" marginheight=\"0\" scrolling=\"no\" class=\"wp-embedded-content\"><\/iframe><script type=\"text\/javascript\">\n\/* <![CDATA[ *\/\n\/*! This file is auto-generated *\/\n!function(d,l){\"use strict\";l.querySelector&&d.addEventListener&&\"undefined\"!=typeof URL&&(d.wp=d.wp||{},d.wp.receiveEmbedMessage||(d.wp.receiveEmbedMessage=function(e){var t=e.data;if((t||t.secret||t.message||t.value)&&!\/[^a-zA-Z0-9]\/.test(t.secret)){for(var s,r,n,a=l.querySelectorAll('iframe[data-secret=\"'+t.secret+'\"]'),o=l.querySelectorAll('blockquote[data-secret=\"'+t.secret+'\"]'),c=new RegExp(\"^https?:$\",\"i\"),i=0;i<o.length;i++)o[i].style.display=\"none\";for(i=0;i<a.length;i++)s=a[i],e.source===s.contentWindow&&(s.removeAttribute(\"style\"),\"height\"===t.message?(1e3<(r=parseInt(t.value,10))?r=1e3:~~r<200&&(r=200),s.height=r):\"link\"===t.message&&(r=new URL(s.getAttribute(\"src\")),n=new URL(t.value),c.test(n.protocol))&&n.host===r.host&&l.activeElement===s&&(d.top.location.href=t.value))}},d.addEventListener(\"message\",d.wp.receiveEmbedMessage,!1),l.addEventListener(\"DOMContentLoaded\",function(){for(var e,t,s=l.querySelectorAll(\"iframe.wp-embedded-content\"),r=0;r<s.length;r++)(t=(e=s[r]).getAttribute(\"data-secret\"))||(t=Math.random().toString(36).substring(2,12),e.src+=\"#?secret=\"+t,e.setAttribute(\"data-secret\",t)),e.contentWindow.postMessage({message:\"ready\",secret:t},\"*\")},!1)))}(window,document);\n\/* ]]> *\/\n<\/script>\n","description":"L\u2019isolement et la contention en psychiatrie constituent des pratiques de dernier recours destin\u00e9es \u00e0 r\u00e9pondre \u00e0 des situations de crise et ne devant \u00eatre mises en \u0153uvre qu\u2019\u00e0 titre exceptionnel, en accord avec les recommandations de bonnes pratiques. En France, la r\u00e9duction de leur usage, inscrite \u00e0 l\u2019agenda politique international, figure parmi les objectifs de la feuille de route minist\u00e9rielle Sant\u00e9 mentale et psychiatrie lanc\u00e9e en 2018 et s\u2019appuie sur&hellip;","thumbnail_url":"https:\/\/www.ricom-web8.com\/gestions\/wp-content\/uploads\/2024\/03\/Capture-decran-2024-03-31-a-11.38.29.jpg","thumbnail_width":711,"thumbnail_height":1000}