

{"version":"1.0","provider_name":"Gestions hospitali\u00e8res","provider_url":"https:\/\/www.ricom-web8.com\/gestions","author_name":"Gestions hospitali\u00e8res","author_url":"https:\/\/www.ricom-web8.com\/gestions\/author\/benjamin\/","title":"L\u2019accessibilit\u00e9 aux soins de premier recours - Gestions hospitali\u00e8res","type":"rich","width":600,"height":338,"html":"<blockquote class=\"wp-embedded-content\" data-secret=\"w5eppAQOp9\"><a href=\"https:\/\/www.ricom-web8.com\/gestions\/actualites\/laccessibilite-aux-soins-de-premier-recours\/\">L\u2019accessibilit\u00e9 aux soins de premier recours<\/a><\/blockquote><iframe sandbox=\"allow-scripts\" security=\"restricted\" src=\"https:\/\/www.ricom-web8.com\/gestions\/actualites\/laccessibilite-aux-soins-de-premier-recours\/embed\/#?secret=w5eppAQOp9\" width=\"600\" height=\"338\" title=\"\u00ab\u00a0L\u2019accessibilit\u00e9 aux soins de premier recours\u00a0\u00bb &#8212; Gestions hospitali\u00e8res\" data-secret=\"w5eppAQOp9\" frameborder=\"0\" marginwidth=\"0\" marginheight=\"0\" scrolling=\"no\" class=\"wp-embedded-content\"><\/iframe><script type=\"text\/javascript\">\n\/* <![CDATA[ *\/\n\/*! This file is auto-generated *\/\n!function(d,l){\"use strict\";l.querySelector&&d.addEventListener&&\"undefined\"!=typeof URL&&(d.wp=d.wp||{},d.wp.receiveEmbedMessage||(d.wp.receiveEmbedMessage=function(e){var t=e.data;if((t||t.secret||t.message||t.value)&&!\/[^a-zA-Z0-9]\/.test(t.secret)){for(var s,r,n,a=l.querySelectorAll('iframe[data-secret=\"'+t.secret+'\"]'),o=l.querySelectorAll('blockquote[data-secret=\"'+t.secret+'\"]'),c=new RegExp(\"^https?:$\",\"i\"),i=0;i<o.length;i++)o[i].style.display=\"none\";for(i=0;i<a.length;i++)s=a[i],e.source===s.contentWindow&&(s.removeAttribute(\"style\"),\"height\"===t.message?(1e3<(r=parseInt(t.value,10))?r=1e3:~~r<200&&(r=200),s.height=r):\"link\"===t.message&&(r=new URL(s.getAttribute(\"src\")),n=new URL(t.value),c.test(n.protocol))&&n.host===r.host&&l.activeElement===s&&(d.top.location.href=t.value))}},d.addEventListener(\"message\",d.wp.receiveEmbedMessage,!1),l.addEventListener(\"DOMContentLoaded\",function(){for(var e,t,s=l.querySelectorAll(\"iframe.wp-embedded-content\"),r=0;r<s.length;r++)(t=(e=s[r]).getAttribute(\"data-secret\"))||(t=Math.random().toString(36).substring(2,12),e.src+=\"#?secret=\"+t,e.setAttribute(\"data-secret\",t)),e.contentWindow.postMessage({message:\"ready\",secret:t},\"*\")},!1)))}(window,document);\n\/* ]]> *\/\n<\/script>\n","description":"Dans un contexte de rar\u00e9faction et de r\u00e9partition in\u00e9gale des m\u00e9decins g\u00e9n\u00e9ralistes sur le territoire, il appara\u00eet n\u00e9cessaire de renouveler la description de l\u2019accessibilit\u00e9 aux soins de premier recours en consid\u00e9rant la pr\u00e9sence d\u2019un ensemble de professionnels de sant\u00e9 aux c\u00f4t\u00e9s du m\u00e9decin g\u00e9n\u00e9raliste. Cette \u00e9tude \u00e0 l\u2019\u00e9chelle de la commune d\u00e9crit ainsi l\u2019accessibilit\u00e9 aux soins de premier recours, en tenant compte du m\u00e9decin g\u00e9n\u00e9raliste, de ses partenaires du quotidien&hellip;","thumbnail_url":"https:\/\/www.ricom-web8.com\/gestions\/wp-content\/uploads\/2024\/07\/Capture-decran-2024-07-17-a-15.27.10.jpg","thumbnail_width":806,"thumbnail_height":962}