

{"version":"1.0","provider_name":"Gestions hospitali\u00e8res","provider_url":"https:\/\/www.ricom-web8.com\/gestions","author_name":"Gestions hospitali\u00e8res","author_url":"https:\/\/www.ricom-web8.com\/gestions\/author\/benjamin\/","title":"L\u2019Autisme & nous - Gestions hospitali\u00e8res","type":"rich","width":600,"height":338,"html":"<blockquote class=\"wp-embedded-content\" data-secret=\"zPxASHjD0j\"><a href=\"https:\/\/www.ricom-web8.com\/gestions\/actualites\/lautisme-nous\/\">L\u2019Autisme &#038; nous<\/a><\/blockquote><iframe sandbox=\"allow-scripts\" security=\"restricted\" src=\"https:\/\/www.ricom-web8.com\/gestions\/actualites\/lautisme-nous\/embed\/#?secret=zPxASHjD0j\" width=\"600\" height=\"338\" title=\"\u00ab\u00a0L\u2019Autisme &#038; nous\u00a0\u00bb &#8212; Gestions hospitali\u00e8res\" data-secret=\"zPxASHjD0j\" frameborder=\"0\" marginwidth=\"0\" marginheight=\"0\" scrolling=\"no\" class=\"wp-embedded-content\"><\/iframe><script type=\"text\/javascript\">\n\/* <![CDATA[ *\/\n\/*! This file is auto-generated *\/\n!function(d,l){\"use strict\";l.querySelector&&d.addEventListener&&\"undefined\"!=typeof URL&&(d.wp=d.wp||{},d.wp.receiveEmbedMessage||(d.wp.receiveEmbedMessage=function(e){var t=e.data;if((t||t.secret||t.message||t.value)&&!\/[^a-zA-Z0-9]\/.test(t.secret)){for(var s,r,n,a=l.querySelectorAll('iframe[data-secret=\"'+t.secret+'\"]'),o=l.querySelectorAll('blockquote[data-secret=\"'+t.secret+'\"]'),c=new RegExp(\"^https?:$\",\"i\"),i=0;i<o.length;i++)o[i].style.display=\"none\";for(i=0;i<a.length;i++)s=a[i],e.source===s.contentWindow&&(s.removeAttribute(\"style\"),\"height\"===t.message?(1e3<(r=parseInt(t.value,10))?r=1e3:~~r<200&&(r=200),s.height=r):\"link\"===t.message&&(r=new URL(s.getAttribute(\"src\")),n=new URL(t.value),c.test(n.protocol))&&n.host===r.host&&l.activeElement===s&&(d.top.location.href=t.value))}},d.addEventListener(\"message\",d.wp.receiveEmbedMessage,!1),l.addEventListener(\"DOMContentLoaded\",function(){for(var e,t,s=l.querySelectorAll(\"iframe.wp-embedded-content\"),r=0;r<s.length;r++)(t=(e=s[r]).getAttribute(\"data-secret\"))||(t=Math.random().toString(36).substring(2,12),e.src+=\"#?secret=\"+t,e.setAttribute(\"data-secret\",t)),e.contentWindow.postMessage({message:\"ready\",secret:t},\"*\")},!1)))}(window,document);\n\/* ]]> *\/\n<\/script>\n","description":"Environ 700 000 personnes sont concern\u00e9es par les troubles du spectre de l\u2019autisme en France selon l\u2019Inserm. Et 99\u2009% d\u2019entre elles sont sans emploi. Pourtant, l\u2019autisme n\u2019est pas un probl\u00e8me de comp\u00e9tences, mais bien de soci\u00e9t\u00e9. Pour une personne avec autisme, l\u2019inclusion est le meilleur moyen de progresser sur tous les plans. Pour le reste de la soci\u00e9t\u00e9, accueillir des personnes diff\u00e9rentes est une source d\u2019enrichissement sans pr\u00e9c\u00e9dent. Autrement dit&hellip;"}