

{"version":"1.0","provider_name":"Gestions hospitali\u00e8res","provider_url":"https:\/\/www.ricom-web8.com\/gestions","author_name":"Nicolas Berndt","author_url":"https:\/\/www.ricom-web8.com\/gestions\/author\/n-berndtheral-pub-fr\/","title":"L\u2019avis des personnes hospitalis\u00e9es - Gestions hospitali\u00e8res","type":"rich","width":600,"height":338,"html":"<blockquote class=\"wp-embedded-content\" data-secret=\"a99ns3oUc4\"><a href=\"https:\/\/www.ricom-web8.com\/gestions\/actualites\/lavis-des-personnes-hospitalisees\/\">L\u2019avis des personnes hospitalis\u00e9es<\/a><\/blockquote><iframe sandbox=\"allow-scripts\" security=\"restricted\" src=\"https:\/\/www.ricom-web8.com\/gestions\/actualites\/lavis-des-personnes-hospitalisees\/embed\/#?secret=a99ns3oUc4\" width=\"600\" height=\"338\" title=\"\u00ab\u00a0L\u2019avis des personnes hospitalis\u00e9es\u00a0\u00bb &#8212; Gestions hospitali\u00e8res\" data-secret=\"a99ns3oUc4\" frameborder=\"0\" marginwidth=\"0\" marginheight=\"0\" scrolling=\"no\" class=\"wp-embedded-content\"><\/iframe><script type=\"text\/javascript\">\n\/* <![CDATA[ *\/\n\/*! This file is auto-generated *\/\n!function(d,l){\"use strict\";l.querySelector&&d.addEventListener&&\"undefined\"!=typeof URL&&(d.wp=d.wp||{},d.wp.receiveEmbedMessage||(d.wp.receiveEmbedMessage=function(e){var t=e.data;if((t||t.secret||t.message||t.value)&&!\/[^a-zA-Z0-9]\/.test(t.secret)){for(var s,r,n,a=l.querySelectorAll('iframe[data-secret=\"'+t.secret+'\"]'),o=l.querySelectorAll('blockquote[data-secret=\"'+t.secret+'\"]'),c=new RegExp(\"^https?:$\",\"i\"),i=0;i<o.length;i++)o[i].style.display=\"none\";for(i=0;i<a.length;i++)s=a[i],e.source===s.contentWindow&&(s.removeAttribute(\"style\"),\"height\"===t.message?(1e3<(r=parseInt(t.value,10))?r=1e3:~~r<200&&(r=200),s.height=r):\"link\"===t.message&&(r=new URL(s.getAttribute(\"src\")),n=new URL(t.value),c.test(n.protocol))&&n.host===r.host&&l.activeElement===s&&(d.top.location.href=t.value))}},d.addEventListener(\"message\",d.wp.receiveEmbedMessage,!1),l.addEventListener(\"DOMContentLoaded\",function(){for(var e,t,s=l.querySelectorAll(\"iframe.wp-embedded-content\"),r=0;r<s.length;r++)(t=(e=s[r]).getAttribute(\"data-secret\"))||(t=Math.random().toString(36).substring(2,12),e.src+=\"#?secret=\"+t,e.setAttribute(\"data-secret\",t)),e.contentWindow.postMessage({message:\"ready\",secret:t},\"*\")},!1)))}(window,document);\n\/* ]]> *\/\n<\/script>\n","description":"Depuis septembre 2015, chaque patient hospitalis\u00e9 peut donner son avis sur son s\u00e9jour dans un h\u00f4pital ou clinique en France gr\u00e2ce \u00e0 un questionnaire de satisfaction s\u00e9curis\u00e9 en ligne. \u00c0 ce jour, 50 000 patients ont d\u00e9j\u00e0 particip\u00e9. Avec le soutien du minist\u00e8re de la Sant\u00e9, la Haute Autorit\u00e9 de sant\u00e9 (HAS) et le Collectif interassociatif sur la sant\u00e9 (Ciss) s\u2019unissent pour faire conna\u00eetre ce droit, mobiliser plus largement les&hellip;"}