

{"version":"1.0","provider_name":"Gestions hospitali\u00e8res","provider_url":"https:\/\/www.ricom-web8.com\/gestions","author_name":"Gestions hospitali\u00e8res","author_url":"https:\/\/www.ricom-web8.com\/gestions\/author\/benjamin\/","title":"Le sport adapt\u00e9 en Ehpad - Gestions hospitali\u00e8res","type":"rich","width":600,"height":338,"html":"<blockquote class=\"wp-embedded-content\" data-secret=\"0d3x0xqrh6\"><a href=\"https:\/\/www.ricom-web8.com\/gestions\/actualites\/le-sport-adapte-en-ehpad\/\">Le sport adapt\u00e9 en Ehpad<\/a><\/blockquote><iframe sandbox=\"allow-scripts\" security=\"restricted\" src=\"https:\/\/www.ricom-web8.com\/gestions\/actualites\/le-sport-adapte-en-ehpad\/embed\/#?secret=0d3x0xqrh6\" width=\"600\" height=\"338\" title=\"\u00ab\u00a0Le sport adapt\u00e9 en Ehpad\u00a0\u00bb &#8212; Gestions hospitali\u00e8res\" data-secret=\"0d3x0xqrh6\" frameborder=\"0\" marginwidth=\"0\" marginheight=\"0\" scrolling=\"no\" class=\"wp-embedded-content\"><\/iframe><script type=\"text\/javascript\">\n\/* <![CDATA[ *\/\n\/*! This file is auto-generated *\/\n!function(d,l){\"use strict\";l.querySelector&&d.addEventListener&&\"undefined\"!=typeof URL&&(d.wp=d.wp||{},d.wp.receiveEmbedMessage||(d.wp.receiveEmbedMessage=function(e){var t=e.data;if((t||t.secret||t.message||t.value)&&!\/[^a-zA-Z0-9]\/.test(t.secret)){for(var s,r,n,a=l.querySelectorAll('iframe[data-secret=\"'+t.secret+'\"]'),o=l.querySelectorAll('blockquote[data-secret=\"'+t.secret+'\"]'),c=new RegExp(\"^https?:$\",\"i\"),i=0;i<o.length;i++)o[i].style.display=\"none\";for(i=0;i<a.length;i++)s=a[i],e.source===s.contentWindow&&(s.removeAttribute(\"style\"),\"height\"===t.message?(1e3<(r=parseInt(t.value,10))?r=1e3:~~r<200&&(r=200),s.height=r):\"link\"===t.message&&(r=new URL(s.getAttribute(\"src\")),n=new URL(t.value),c.test(n.protocol))&&n.host===r.host&&l.activeElement===s&&(d.top.location.href=t.value))}},d.addEventListener(\"message\",d.wp.receiveEmbedMessage,!1),l.addEventListener(\"DOMContentLoaded\",function(){for(var e,t,s=l.querySelectorAll(\"iframe.wp-embedded-content\"),r=0;r<s.length;r++)(t=(e=s[r]).getAttribute(\"data-secret\"))||(t=Math.random().toString(36).substring(2,12),e.src+=\"#?secret=\"+t,e.setAttribute(\"data-secret\",t)),e.contentWindow.postMessage({message:\"ready\",secret:t},\"*\")},!1)))}(window,document);\n\/* ]]> *\/\n<\/script>\n","description":"En cette ann\u00e9e de Jeux olympiques et paralympiques, o\u00f9 l\u2019activit\u00e9 physique est \u00e0 l\u2019honneur pour tous et sur tout le territoire, l\u2019Association nationale de la formation hospitali\u00e8re (ANFH) Bretagne et le Centre de la fonction publique territoriale (CFPT) Bretagne se sont associ\u00e9s en avril, \u00e0 Saint-Brieuc, pour une journ\u00e9e d\u00e9di\u00e9e \u00e0 la g\u00e9rontologie et croiser les regards sur le th\u00e8me\u2009: \u00ab\u2009Bouge ton Ehpad\u2009: \u00e0 chacun son sport\u2009!\u2009\u00bb \u00c0 destination des&hellip;","thumbnail_url":"https:\/\/www.ricom-web8.com\/gestions\/wp-content\/uploads\/2024\/06\/programme-journee-geronto-anfh-cnfpt-COUV.jpg","thumbnail_width":966,"thumbnail_height":1000}