

{"version":"1.0","provider_name":"Gestions hospitali\u00e8res","provider_url":"https:\/\/www.ricom-web8.com\/gestions","author_name":"Claire Marvanne","author_url":"https:\/\/www.ricom-web8.com\/gestions\/author\/claire\/","title":"Les noms d\u00e9finitifs des nouvelles r\u00e9gions - Gestions hospitali\u00e8res","type":"rich","width":600,"height":338,"html":"<blockquote class=\"wp-embedded-content\" data-secret=\"1VKn4udO8p\"><a href=\"https:\/\/www.ricom-web8.com\/gestions\/actualites\/les-noms-definitifs-des-nouvelles-regions\/\">Les noms d\u00e9finitifs des nouvelles r\u00e9gions<\/a><\/blockquote><iframe sandbox=\"allow-scripts\" security=\"restricted\" src=\"https:\/\/www.ricom-web8.com\/gestions\/actualites\/les-noms-definitifs-des-nouvelles-regions\/embed\/#?secret=1VKn4udO8p\" width=\"600\" height=\"338\" title=\"\u00ab\u00a0Les noms d\u00e9finitifs des nouvelles r\u00e9gions\u00a0\u00bb &#8212; Gestions hospitali\u00e8res\" data-secret=\"1VKn4udO8p\" frameborder=\"0\" marginwidth=\"0\" marginheight=\"0\" scrolling=\"no\" class=\"wp-embedded-content\"><\/iframe><script type=\"text\/javascript\">\n\/* <![CDATA[ *\/\n\/*! This file is auto-generated *\/\n!function(d,l){\"use strict\";l.querySelector&&d.addEventListener&&\"undefined\"!=typeof URL&&(d.wp=d.wp||{},d.wp.receiveEmbedMessage||(d.wp.receiveEmbedMessage=function(e){var t=e.data;if((t||t.secret||t.message||t.value)&&!\/[^a-zA-Z0-9]\/.test(t.secret)){for(var s,r,n,a=l.querySelectorAll('iframe[data-secret=\"'+t.secret+'\"]'),o=l.querySelectorAll('blockquote[data-secret=\"'+t.secret+'\"]'),c=new RegExp(\"^https?:$\",\"i\"),i=0;i<o.length;i++)o[i].style.display=\"none\";for(i=0;i<a.length;i++)s=a[i],e.source===s.contentWindow&&(s.removeAttribute(\"style\"),\"height\"===t.message?(1e3<(r=parseInt(t.value,10))?r=1e3:~~r<200&&(r=200),s.height=r):\"link\"===t.message&&(r=new URL(s.getAttribute(\"src\")),n=new URL(t.value),c.test(n.protocol))&&n.host===r.host&&l.activeElement===s&&(d.top.location.href=t.value))}},d.addEventListener(\"message\",d.wp.receiveEmbedMessage,!1),l.addEventListener(\"DOMContentLoaded\",function(){for(var e,t,s=l.querySelectorAll(\"iframe.wp-embedded-content\"),r=0;r<s.length;r++)(t=(e=s[r]).getAttribute(\"data-secret\"))||(t=Math.random().toString(36).substring(2,12),e.src+=\"#?secret=\"+t,e.setAttribute(\"data-secret\",t)),e.contentWindow.postMessage({message:\"ready\",secret:t},\"*\")},!1)))}(window,document);\n\/* ]]> *\/\n<\/script>\n","description":"La loi du 16\u202fjanvier 2015 avait fix\u00e9 le 1er octobre\u00a0 2016 comme date limite pour publier au JO, apr\u00e8s avis du Conseil d\u2019\u00c9tat, les noms et chefs-lieux choisis par les r\u00e9gions elles-m\u00eames et ayant fait l\u2019objet d\u2019une d\u00e9lib\u00e9ration avant le 1er\u202fjuillet. Le Conseil d\u2019\u00c9tat n\u2019a donc apparemment rien trouv\u00e9 \u00e0 redire aux noms propos\u00e9s par les r\u00e9gions, qui ont \u00e9t\u00e9 accept\u00e9s tels quels. Rappelons que le nombre de r\u00e9gions fran\u00e7aises&hellip;","thumbnail_url":"https:\/\/www.ricom-web8.com\/gestions\/wp-content\/uploads\/2016\/10\/ill_2016_452_01.png","thumbnail_width":600,"thumbnail_height":294}