

{"version":"1.0","provider_name":"Gestions hospitali\u00e8res","provider_url":"https:\/\/www.ricom-web8.com\/gestions","author_name":"Gestions hospitali\u00e8res","author_url":"https:\/\/www.ricom-web8.com\/gestions\/author\/benjamin\/","title":"Lutter contre les discriminations - Gestions hospitali\u00e8res","type":"rich","width":600,"height":338,"html":"<blockquote class=\"wp-embedded-content\" data-secret=\"TWcWgCy0ZL\"><a href=\"https:\/\/www.ricom-web8.com\/gestions\/actualites\/lutter-contre-les-discriminations\/\">Lutter contre les discriminations<\/a><\/blockquote><iframe sandbox=\"allow-scripts\" security=\"restricted\" src=\"https:\/\/www.ricom-web8.com\/gestions\/actualites\/lutter-contre-les-discriminations\/embed\/#?secret=TWcWgCy0ZL\" width=\"600\" height=\"338\" title=\"\u00ab\u00a0Lutter contre les discriminations\u00a0\u00bb &#8212; Gestions hospitali\u00e8res\" data-secret=\"TWcWgCy0ZL\" frameborder=\"0\" marginwidth=\"0\" marginheight=\"0\" scrolling=\"no\" class=\"wp-embedded-content\"><\/iframe><script type=\"text\/javascript\">\n\/* <![CDATA[ *\/\n\/*! This file is auto-generated *\/\n!function(d,l){\"use strict\";l.querySelector&&d.addEventListener&&\"undefined\"!=typeof URL&&(d.wp=d.wp||{},d.wp.receiveEmbedMessage||(d.wp.receiveEmbedMessage=function(e){var t=e.data;if((t||t.secret||t.message||t.value)&&!\/[^a-zA-Z0-9]\/.test(t.secret)){for(var s,r,n,a=l.querySelectorAll('iframe[data-secret=\"'+t.secret+'\"]'),o=l.querySelectorAll('blockquote[data-secret=\"'+t.secret+'\"]'),c=new RegExp(\"^https?:$\",\"i\"),i=0;i<o.length;i++)o[i].style.display=\"none\";for(i=0;i<a.length;i++)s=a[i],e.source===s.contentWindow&&(s.removeAttribute(\"style\"),\"height\"===t.message?(1e3<(r=parseInt(t.value,10))?r=1e3:~~r<200&&(r=200),s.height=r):\"link\"===t.message&&(r=new URL(s.getAttribute(\"src\")),n=new URL(t.value),c.test(n.protocol))&&n.host===r.host&&l.activeElement===s&&(d.top.location.href=t.value))}},d.addEventListener(\"message\",d.wp.receiveEmbedMessage,!1),l.addEventListener(\"DOMContentLoaded\",function(){for(var e,t,s=l.querySelectorAll(\"iframe.wp-embedded-content\"),r=0;r<s.length;r++)(t=(e=s[r]).getAttribute(\"data-secret\"))||(t=Math.random().toString(36).substring(2,12),e.src+=\"#?secret=\"+t,e.setAttribute(\"data-secret\",t)),e.contentWindow.postMessage({message:\"ready\",secret:t},\"*\")},!1)))}(window,document);\n\/* ]]> *\/\n<\/script>\n","description":"Sur la plateforme antidiscriminations.fr cr\u00e9\u00e9e en f\u00e9vrier 2021 au sein de l\u2019institution du D\u00e9fenseur des droits, les nombreux signalements re\u00e7us t\u00e9moignent de ce que les m\u00e9canismes discriminatoires sont encore profond\u00e9ment ancr\u00e9s dans la soci\u00e9t\u00e9 fran\u00e7aise. Suite au colloque organis\u00e9 par le D\u00e9fenseur des droits le 8 f\u00e9vrier 2024, o\u00f9 associations, organisations syndicales de salari\u00e9s et d\u2019employeurs, professionnels, pouvoirs publics, avocats et universitaires sont venus \u00e9changer autour des leviers \u00e0 mobiliser&hellip;","thumbnail_url":"https:\/\/www.ricom-web8.com\/gestions\/wp-content\/uploads\/2024\/03\/Capture-decran-2024-03-31-a-11.51.54.jpg","thumbnail_width":700,"thumbnail_height":1000}