

{"version":"1.0","provider_name":"Gestions hospitali\u00e8res","provider_url":"https:\/\/www.ricom-web8.com\/gestions","author_name":"Gestions hospitali\u00e8res","author_url":"https:\/\/www.ricom-web8.com\/gestions\/author\/benjamin\/","title":"Manifeste pour l\u2019acc\u00e8s aux soins pour tous - Gestions hospitali\u00e8res","type":"rich","width":600,"height":338,"html":"<blockquote class=\"wp-embedded-content\" data-secret=\"VpDsoA87qi\"><a href=\"https:\/\/www.ricom-web8.com\/gestions\/actualites\/manifeste-pour-lacces-aux-soins-pour-tous\/\">Manifeste pour l\u2019acc\u00e8s aux soins pour tous<\/a><\/blockquote><iframe sandbox=\"allow-scripts\" security=\"restricted\" src=\"https:\/\/www.ricom-web8.com\/gestions\/actualites\/manifeste-pour-lacces-aux-soins-pour-tous\/embed\/#?secret=VpDsoA87qi\" width=\"600\" height=\"338\" title=\"\u00ab\u00a0Manifeste pour l\u2019acc\u00e8s aux soins pour tous\u00a0\u00bb &#8212; Gestions hospitali\u00e8res\" data-secret=\"VpDsoA87qi\" frameborder=\"0\" marginwidth=\"0\" marginheight=\"0\" scrolling=\"no\" class=\"wp-embedded-content\"><\/iframe><script type=\"text\/javascript\">\n\/* <![CDATA[ *\/\n\/*! This file is auto-generated *\/\n!function(d,l){\"use strict\";l.querySelector&&d.addEventListener&&\"undefined\"!=typeof URL&&(d.wp=d.wp||{},d.wp.receiveEmbedMessage||(d.wp.receiveEmbedMessage=function(e){var t=e.data;if((t||t.secret||t.message||t.value)&&!\/[^a-zA-Z0-9]\/.test(t.secret)){for(var s,r,n,a=l.querySelectorAll('iframe[data-secret=\"'+t.secret+'\"]'),o=l.querySelectorAll('blockquote[data-secret=\"'+t.secret+'\"]'),c=new RegExp(\"^https?:$\",\"i\"),i=0;i<o.length;i++)o[i].style.display=\"none\";for(i=0;i<a.length;i++)s=a[i],e.source===s.contentWindow&&(s.removeAttribute(\"style\"),\"height\"===t.message?(1e3<(r=parseInt(t.value,10))?r=1e3:~~r<200&&(r=200),s.height=r):\"link\"===t.message&&(r=new URL(s.getAttribute(\"src\")),n=new URL(t.value),c.test(n.protocol))&&n.host===r.host&&l.activeElement===s&&(d.top.location.href=t.value))}},d.addEventListener(\"message\",d.wp.receiveEmbedMessage,!1),l.addEventListener(\"DOMContentLoaded\",function(){for(var e,t,s=l.querySelectorAll(\"iframe.wp-embedded-content\"),r=0;r<s.length;r++)(t=(e=s[r]).getAttribute(\"data-secret\"))||(t=Math.random().toString(36).substring(2,12),e.src+=\"#?secret=\"+t,e.setAttribute(\"data-secret\",t)),e.contentWindow.postMessage({message:\"ready\",secret:t},\"*\")},!1)))}(window,document);\n\/* ]]> *\/\n<\/script>\n","description":"Alors que la t\u00e9l\u00e9m\u00e9decine a fait son entr\u00e9e avec la pand\u00e9mie du Covid-19 et que la t\u00e9l\u00e9consultation est aujourd\u2019hui bien install\u00e9e comme une des voies d\u2019acc\u00e8s aux soins et une modalit\u00e9 de suivi m\u00e9dical, elle ne remplit pas encore sa promesse d\u2019acc\u00e8s aux soins pour tous. Trop souvent les usagers se retrouvent \u00e9cartel\u00e9s entre effectuer une t\u00e9l\u00e9consultation avec un m\u00e9decin inconnu ou aller aux urgences hospitali\u00e8res. Et si la t\u00e9l\u00e9consultation&hellip;"}