

{"version":"1.0","provider_name":"Gestions hospitali\u00e8res","provider_url":"https:\/\/www.ricom-web8.com\/gestions","author_name":"Nicolas Berndt","author_url":"https:\/\/www.ricom-web8.com\/gestions\/author\/n-berndtheral-pub-fr\/","title":"Portrait des professionnels de sant\u00e9 - Gestions hospitali\u00e8res","type":"rich","width":600,"height":338,"html":"<blockquote class=\"wp-embedded-content\" data-secret=\"yGid3LDptj\"><a href=\"https:\/\/www.ricom-web8.com\/gestions\/actualites\/portrait-des-professionnels-de-sante\/\">Portrait des professionnels de sant\u00e9<\/a><\/blockquote><iframe sandbox=\"allow-scripts\" security=\"restricted\" src=\"https:\/\/www.ricom-web8.com\/gestions\/actualites\/portrait-des-professionnels-de-sante\/embed\/#?secret=yGid3LDptj\" width=\"600\" height=\"338\" title=\"\u00ab\u00a0Portrait des professionnels de sant\u00e9\u00a0\u00bb &#8212; Gestions hospitali\u00e8res\" data-secret=\"yGid3LDptj\" frameborder=\"0\" marginwidth=\"0\" marginheight=\"0\" scrolling=\"no\" class=\"wp-embedded-content\"><\/iframe><script type=\"text\/javascript\">\n\/* <![CDATA[ *\/\n\/*! This file is auto-generated *\/\n!function(d,l){\"use strict\";l.querySelector&&d.addEventListener&&\"undefined\"!=typeof URL&&(d.wp=d.wp||{},d.wp.receiveEmbedMessage||(d.wp.receiveEmbedMessage=function(e){var t=e.data;if((t||t.secret||t.message||t.value)&&!\/[^a-zA-Z0-9]\/.test(t.secret)){for(var s,r,n,a=l.querySelectorAll('iframe[data-secret=\"'+t.secret+'\"]'),o=l.querySelectorAll('blockquote[data-secret=\"'+t.secret+'\"]'),c=new RegExp(\"^https?:$\",\"i\"),i=0;i<o.length;i++)o[i].style.display=\"none\";for(i=0;i<a.length;i++)s=a[i],e.source===s.contentWindow&&(s.removeAttribute(\"style\"),\"height\"===t.message?(1e3<(r=parseInt(t.value,10))?r=1e3:~~r<200&&(r=200),s.height=r):\"link\"===t.message&&(r=new URL(s.getAttribute(\"src\")),n=new URL(t.value),c.test(n.protocol))&&n.host===r.host&&l.activeElement===s&&(d.top.location.href=t.value))}},d.addEventListener(\"message\",d.wp.receiveEmbedMessage,!1),l.addEventListener(\"DOMContentLoaded\",function(){for(var e,t,s=l.querySelectorAll(\"iframe.wp-embedded-content\"),r=0;r<s.length;r++)(t=(e=s[r]).getAttribute(\"data-secret\"))||(t=Math.random().toString(36).substring(2,12),e.src+=\"#?secret=\"+t,e.setAttribute(\"data-secret\",t)),e.contentWindow.postMessage({message:\"ready\",secret:t},\"*\")},!1)))}(window,document);\n\/* ]]> *\/\n<\/script>\n","description":"\u00c0\u00a0l\u2019occasion de la Grande Conf\u00e9rence de la sant\u00e9, le 11 f\u00e9vrier 2016, la Direction de la recherche, des \u00e9tudes, de l\u2019\u00e9valuation et des statistiques et ses partenaires ont r\u00e9alis\u00e9 un \u00e9tat des lieux in\u00e9dit des connaissances sur le 1,9\u00a0million de professionnels de sant\u00e9 qui exercent en France. \u00c0 travers une vingtaine de fiches p\u00e9dagogiques et synth\u00e9tiques, cet ouvrage fournit les chiffres cl\u00e9s sur les diff\u00e9rents aspects des m\u00e9tiers et des&hellip;","thumbnail_url":"https:\/\/www.ricom-web8.com\/gestions\/wp-content\/uploads\/2016\/09\/couv_portraitpro.png","thumbnail_width":278,"thumbnail_height":390}