

{"version":"1.0","provider_name":"Gestions hospitali\u00e8res","provider_url":"https:\/\/www.ricom-web8.com\/gestions","author_name":"Gestions hospitali\u00e8res","author_url":"https:\/\/www.ricom-web8.com\/gestions\/author\/benjamin\/","title":"Semaine de la d\u00e9nutrition - Gestions hospitali\u00e8res","type":"rich","width":600,"height":338,"html":"<blockquote class=\"wp-embedded-content\" data-secret=\"g5gJk9chUG\"><a href=\"https:\/\/www.ricom-web8.com\/gestions\/actualites\/semaine-de-la-denutrition\/\">Semaine de la d\u00e9nutrition<\/a><\/blockquote><iframe sandbox=\"allow-scripts\" security=\"restricted\" src=\"https:\/\/www.ricom-web8.com\/gestions\/actualites\/semaine-de-la-denutrition\/embed\/#?secret=g5gJk9chUG\" width=\"600\" height=\"338\" title=\"\u00ab\u00a0Semaine de la d\u00e9nutrition\u00a0\u00bb &#8212; Gestions hospitali\u00e8res\" data-secret=\"g5gJk9chUG\" frameborder=\"0\" marginwidth=\"0\" marginheight=\"0\" scrolling=\"no\" class=\"wp-embedded-content\"><\/iframe><script type=\"text\/javascript\">\n\/* <![CDATA[ *\/\n\/*! This file is auto-generated *\/\n!function(d,l){\"use strict\";l.querySelector&&d.addEventListener&&\"undefined\"!=typeof URL&&(d.wp=d.wp||{},d.wp.receiveEmbedMessage||(d.wp.receiveEmbedMessage=function(e){var t=e.data;if((t||t.secret||t.message||t.value)&&!\/[^a-zA-Z0-9]\/.test(t.secret)){for(var s,r,n,a=l.querySelectorAll('iframe[data-secret=\"'+t.secret+'\"]'),o=l.querySelectorAll('blockquote[data-secret=\"'+t.secret+'\"]'),c=new RegExp(\"^https?:$\",\"i\"),i=0;i<o.length;i++)o[i].style.display=\"none\";for(i=0;i<a.length;i++)s=a[i],e.source===s.contentWindow&&(s.removeAttribute(\"style\"),\"height\"===t.message?(1e3<(r=parseInt(t.value,10))?r=1e3:~~r<200&&(r=200),s.height=r):\"link\"===t.message&&(r=new URL(s.getAttribute(\"src\")),n=new URL(t.value),c.test(n.protocol))&&n.host===r.host&&l.activeElement===s&&(d.top.location.href=t.value))}},d.addEventListener(\"message\",d.wp.receiveEmbedMessage,!1),l.addEventListener(\"DOMContentLoaded\",function(){for(var e,t,s=l.querySelectorAll(\"iframe.wp-embedded-content\"),r=0;r<s.length;r++)(t=(e=s[r]).getAttribute(\"data-secret\"))||(t=Math.random().toString(36).substring(2,12),e.src+=\"#?secret=\"+t,e.setAttribute(\"data-secret\",t)),e.contentWindow.postMessage({message:\"ready\",secret:t},\"*\")},!1)))}(window,document);\n\/* ]]> *\/\n<\/script>\n","description":"Du 12 au 19 novembre, les professionnels des champs sanitaire, social et m\u00e9dico-social, les proches aidants et les malades s\u2019investissent pour mettre en lumi\u00e8re une maladie qui concerne en France plus de 2 millions de personnes, de l\u2019enfant malade ou en situation de handicap \u00e0 la personne \u00e2g\u00e9e en perte d\u2019autonomie. D\u2019apr\u00e8s un sondage Ifop r\u00e9alis\u00e9 en juin 2023 par le Collectif de lutte contre la d\u00e9nutrition, 80\u2009% des Fran\u00e7ais&hellip;","thumbnail_url":"https:\/\/www.ricom-web8.com\/gestions\/wp-content\/uploads\/2024\/10\/Capture-decran-2024-10-24-a-14.33.58.png","thumbnail_width":712,"thumbnail_height":1030}