

{"version":"1.0","provider_name":"Gestions hospitali\u00e8res","provider_url":"https:\/\/www.ricom-web8.com\/gestions","author_name":"Gestions hospitali\u00e8res","author_url":"https:\/\/www.ricom-web8.com\/gestions\/author\/benjamin\/","title":"Taux d\u2019hospitalisations et r\u00e9hospitalisations - Gestions hospitali\u00e8res","type":"rich","width":600,"height":338,"html":"<blockquote class=\"wp-embedded-content\" data-secret=\"JVuFzWAEQ7\"><a href=\"https:\/\/www.ricom-web8.com\/gestions\/actualites\/taux-dhospitalisation-rehospitalisations\/\">Taux d\u2019hospitalisations et r\u00e9hospitalisations<\/a><\/blockquote><iframe sandbox=\"allow-scripts\" security=\"restricted\" src=\"https:\/\/www.ricom-web8.com\/gestions\/actualites\/taux-dhospitalisation-rehospitalisations\/embed\/#?secret=JVuFzWAEQ7\" width=\"600\" height=\"338\" title=\"\u00ab\u00a0Taux d\u2019hospitalisations et r\u00e9hospitalisations\u00a0\u00bb &#8212; Gestions hospitali\u00e8res\" data-secret=\"JVuFzWAEQ7\" frameborder=\"0\" marginwidth=\"0\" marginheight=\"0\" scrolling=\"no\" class=\"wp-embedded-content\"><\/iframe><script type=\"text\/javascript\">\n\/* <![CDATA[ *\/\n\/*! This file is auto-generated *\/\n!function(d,l){\"use strict\";l.querySelector&&d.addEventListener&&\"undefined\"!=typeof URL&&(d.wp=d.wp||{},d.wp.receiveEmbedMessage||(d.wp.receiveEmbedMessage=function(e){var t=e.data;if((t||t.secret||t.message||t.value)&&!\/[^a-zA-Z0-9]\/.test(t.secret)){for(var s,r,n,a=l.querySelectorAll('iframe[data-secret=\"'+t.secret+'\"]'),o=l.querySelectorAll('blockquote[data-secret=\"'+t.secret+'\"]'),c=new RegExp(\"^https?:$\",\"i\"),i=0;i<o.length;i++)o[i].style.display=\"none\";for(i=0;i<a.length;i++)s=a[i],e.source===s.contentWindow&&(s.removeAttribute(\"style\"),\"height\"===t.message?(1e3<(r=parseInt(t.value,10))?r=1e3:~~r<200&&(r=200),s.height=r):\"link\"===t.message&&(r=new URL(s.getAttribute(\"src\")),n=new URL(t.value),c.test(n.protocol))&&n.host===r.host&&l.activeElement===s&&(d.top.location.href=t.value))}},d.addEventListener(\"message\",d.wp.receiveEmbedMessage,!1),l.addEventListener(\"DOMContentLoaded\",function(){for(var e,t,s=l.querySelectorAll(\"iframe.wp-embedded-content\"),r=0;r<s.length;r++)(t=(e=s[r]).getAttribute(\"data-secret\"))||(t=Math.random().toString(36).substring(2,12),e.src+=\"#?secret=\"+t,e.setAttribute(\"data-secret\",t)),e.contentWindow.postMessage({message:\"ready\",secret:t},\"*\")},!1)))}(window,document);\n\/* ]]> *\/\n<\/script>\n","description":"La Direction g\u00e9n\u00e9rale de l\u2019offre de soins (DGOS), en partenariat avec l\u2019Agence technique de l\u2019information sur l\u2019hospitalisation (Atih), met \u00e0 disposition des professionnels trois nouveaux indicateurs de r\u00e9sultats pour les amener \u00e0 s\u2019interroger sur leurs pratiques\u2009: RH7 (taux de r\u00e9hospitalisations dans un d\u00e9lai de 1 \u00e0 7\u00a0jours)\u2009: indicateur de vigilance et d\u2019alerte qui concerne en premier lieu les \u00e9tablissements de sant\u00e9 en MCO. \u00c0 partir du PMSI, il est calcul\u00e9&hellip;"}