

{"version":"1.0","provider_name":"Gestions hospitali\u00e8res","provider_url":"https:\/\/www.ricom-web8.com\/gestions","author_name":"Claire Marvanne","author_url":"https:\/\/www.ricom-web8.com\/gestions\/author\/claire\/","title":"Vieillissement, fragilit\u00e9 et d\u00e9penses de sant\u00e9 - Gestions hospitali\u00e8res","type":"rich","width":600,"height":338,"html":"<blockquote class=\"wp-embedded-content\" data-secret=\"DluZ3cpIOK\"><a href=\"https:\/\/www.ricom-web8.com\/gestions\/actualites\/vieillissement-fragilite-et-depenses-de-sante\/\">Vieillissement, fragilit\u00e9 et d\u00e9penses de sant\u00e9<\/a><\/blockquote><iframe sandbox=\"allow-scripts\" security=\"restricted\" src=\"https:\/\/www.ricom-web8.com\/gestions\/actualites\/vieillissement-fragilite-et-depenses-de-sante\/embed\/#?secret=DluZ3cpIOK\" width=\"600\" height=\"338\" title=\"\u00ab\u00a0Vieillissement, fragilit\u00e9 et d\u00e9penses de sant\u00e9\u00a0\u00bb &#8212; Gestions hospitali\u00e8res\" data-secret=\"DluZ3cpIOK\" frameborder=\"0\" marginwidth=\"0\" marginheight=\"0\" scrolling=\"no\" class=\"wp-embedded-content\"><\/iframe><script type=\"text\/javascript\">\n\/* <![CDATA[ *\/\n\/*! This file is auto-generated *\/\n!function(d,l){\"use strict\";l.querySelector&&d.addEventListener&&\"undefined\"!=typeof URL&&(d.wp=d.wp||{},d.wp.receiveEmbedMessage||(d.wp.receiveEmbedMessage=function(e){var t=e.data;if((t||t.secret||t.message||t.value)&&!\/[^a-zA-Z0-9]\/.test(t.secret)){for(var s,r,n,a=l.querySelectorAll('iframe[data-secret=\"'+t.secret+'\"]'),o=l.querySelectorAll('blockquote[data-secret=\"'+t.secret+'\"]'),c=new RegExp(\"^https?:$\",\"i\"),i=0;i<o.length;i++)o[i].style.display=\"none\";for(i=0;i<a.length;i++)s=a[i],e.source===s.contentWindow&&(s.removeAttribute(\"style\"),\"height\"===t.message?(1e3<(r=parseInt(t.value,10))?r=1e3:~~r<200&&(r=200),s.height=r):\"link\"===t.message&&(r=new URL(s.getAttribute(\"src\")),n=new URL(t.value),c.test(n.protocol))&&n.host===r.host&&l.activeElement===s&&(d.top.location.href=t.value))}},d.addEventListener(\"message\",d.wp.receiveEmbedMessage,!1),l.addEventListener(\"DOMContentLoaded\",function(){for(var e,t,s=l.querySelectorAll(\"iframe.wp-embedded-content\"),r=0;r<s.length;r++)(t=(e=s[r]).getAttribute(\"data-secret\"))||(t=Math.random().toString(36).substring(2,12),e.src+=\"#?secret=\"+t,e.setAttribute(\"data-secret\",t)),e.contentWindow.postMessage({message:\"ready\",secret:t},\"*\")},!1)))}(window,document);\n\/* ]]> *\/\n<\/script>\n","description":"Dans un contexte de vieillissement de la population et d\u2019augmentation des d\u00e9penses de sant\u00e9, la fragilit\u00e9 appara\u00eet comme une notion int\u00e9ressant aussi bien les professionnels de sant\u00e9 que les politiques de r\u00e9gulation des cons\u00e9quences du vieillissement. Elle est d\u00e9finie comme une diminution de la r\u00e9sistance de la personne face au stress qui augmente sa vuln\u00e9rabilit\u00e9 et l\u2019expose \u00e0 un risque d\u2019accidents, telles les chutes, et d\u2019\u00e9volution vers la d\u00e9pendance. Jusqu\u2019\u00e0&hellip;","thumbnail_url":"https:\/\/www.ricom-web8.com\/gestions\/wp-content\/uploads\/2016\/10\/ill_2016_390_01.png","thumbnail_width":200,"thumbnail_height":290}