

{"version":"1.0","provider_name":"Gestions hospitali\u00e8res","provider_url":"https:\/\/www.ricom-web8.com\/gestions","author_name":"yann Le Sager","author_url":"https:\/\/www.ricom-web8.com\/gestions\/author\/lesager-yannstudioricom-com\/","title":"Affronter les d\u00e9fis sanitaires du temps pr\u00e9sent - Gestions hospitali\u00e8res","type":"rich","width":600,"height":338,"html":"<blockquote class=\"wp-embedded-content\" data-secret=\"GnGIzOF0N3\"><a href=\"https:\/\/www.ricom-web8.com\/gestions\/affronter-les-defis-sanitaire-du-temps-present\/\">Affronter les d\u00e9fis sanitaires du temps pr\u00e9sent<\/a><\/blockquote><iframe sandbox=\"allow-scripts\" security=\"restricted\" src=\"https:\/\/www.ricom-web8.com\/gestions\/affronter-les-defis-sanitaire-du-temps-present\/embed\/#?secret=GnGIzOF0N3\" width=\"600\" height=\"338\" title=\"\u00ab\u00a0Affronter les d\u00e9fis sanitaires du temps pr\u00e9sent\u00a0\u00bb &#8212; Gestions hospitali\u00e8res\" data-secret=\"GnGIzOF0N3\" frameborder=\"0\" marginwidth=\"0\" marginheight=\"0\" scrolling=\"no\" class=\"wp-embedded-content\"><\/iframe><script type=\"text\/javascript\">\n\/* <![CDATA[ *\/\n\/*! This file is auto-generated *\/\n!function(d,l){\"use strict\";l.querySelector&&d.addEventListener&&\"undefined\"!=typeof URL&&(d.wp=d.wp||{},d.wp.receiveEmbedMessage||(d.wp.receiveEmbedMessage=function(e){var t=e.data;if((t||t.secret||t.message||t.value)&&!\/[^a-zA-Z0-9]\/.test(t.secret)){for(var s,r,n,a=l.querySelectorAll('iframe[data-secret=\"'+t.secret+'\"]'),o=l.querySelectorAll('blockquote[data-secret=\"'+t.secret+'\"]'),c=new RegExp(\"^https?:$\",\"i\"),i=0;i<o.length;i++)o[i].style.display=\"none\";for(i=0;i<a.length;i++)s=a[i],e.source===s.contentWindow&&(s.removeAttribute(\"style\"),\"height\"===t.message?(1e3<(r=parseInt(t.value,10))?r=1e3:~~r<200&&(r=200),s.height=r):\"link\"===t.message&&(r=new URL(s.getAttribute(\"src\")),n=new URL(t.value),c.test(n.protocol))&&n.host===r.host&&l.activeElement===s&&(d.top.location.href=t.value))}},d.addEventListener(\"message\",d.wp.receiveEmbedMessage,!1),l.addEventListener(\"DOMContentLoaded\",function(){for(var e,t,s=l.querySelectorAll(\"iframe.wp-embedded-content\"),r=0;r<s.length;r++)(t=(e=s[r]).getAttribute(\"data-secret\"))||(t=Math.random().toString(36).substring(2,12),e.src+=\"#?secret=\"+t,e.setAttribute(\"data-secret\",t)),e.contentWindow.postMessage({message:\"ready\",secret:t},\"*\")},!1)))}(window,document);\n\/* ]]> *\/\n<\/script>\n","description":"Directeur d\u2019h\u00f4pital en mission au Laos en tant qu\u2019expert technique international (2011-2014), l\u2019auteur pr\u00e9sente un \u00e9tat des lieux du syst\u00e8me de sant\u00e9 laotien et sa r\u00e9flexion pour d\u00e9velopper et maintenir une offre de soins publique au b\u00e9n\u00e9fice de toute la population, toutes ethnies et cat\u00e9gories sociales confondues. Ou comment, pour l\u2019ancien royaume du \u00ab\u2009Million d\u2019\u00e9l\u00e9phants\u2009\u00bb, affronter les d\u00e9fis sanitaires du temps pr\u00e9sent\u2026","thumbnail_url":"https:\/\/gestions-hospitalieres.fr\/wp-content\/uploads\/2016\/09\/ill_2014_364_01.png"}