

{"version":"1.0","provider_name":"Gestions hospitali\u00e8res","provider_url":"https:\/\/www.ricom-web8.com\/gestions","author_name":"yann Le Sager","author_url":"https:\/\/www.ricom-web8.com\/gestions\/author\/lesager-yannstudioricom-com\/","title":"Am\u00e9liorer la coordination des soins - Gestions hospitali\u00e8res","type":"rich","width":600,"height":338,"html":"<blockquote class=\"wp-embedded-content\" data-secret=\"ZrCxfR85jT\"><a href=\"https:\/\/www.ricom-web8.com\/gestions\/ameliorer-la-coordination-des-soins\/\">Am\u00e9liorer la coordination des soins<\/a><\/blockquote><iframe sandbox=\"allow-scripts\" security=\"restricted\" src=\"https:\/\/www.ricom-web8.com\/gestions\/ameliorer-la-coordination-des-soins\/embed\/#?secret=ZrCxfR85jT\" width=\"600\" height=\"338\" title=\"\u00ab\u00a0Am\u00e9liorer la coordination des soins\u00a0\u00bb &#8212; Gestions hospitali\u00e8res\" data-secret=\"ZrCxfR85jT\" frameborder=\"0\" marginwidth=\"0\" marginheight=\"0\" scrolling=\"no\" class=\"wp-embedded-content\"><\/iframe><script type=\"text\/javascript\">\n\/* <![CDATA[ *\/\n\/*! This file is auto-generated *\/\n!function(d,l){\"use strict\";l.querySelector&&d.addEventListener&&\"undefined\"!=typeof URL&&(d.wp=d.wp||{},d.wp.receiveEmbedMessage||(d.wp.receiveEmbedMessage=function(e){var t=e.data;if((t||t.secret||t.message||t.value)&&!\/[^a-zA-Z0-9]\/.test(t.secret)){for(var s,r,n,a=l.querySelectorAll('iframe[data-secret=\"'+t.secret+'\"]'),o=l.querySelectorAll('blockquote[data-secret=\"'+t.secret+'\"]'),c=new RegExp(\"^https?:$\",\"i\"),i=0;i<o.length;i++)o[i].style.display=\"none\";for(i=0;i<a.length;i++)s=a[i],e.source===s.contentWindow&&(s.removeAttribute(\"style\"),\"height\"===t.message?(1e3<(r=parseInt(t.value,10))?r=1e3:~~r<200&&(r=200),s.height=r):\"link\"===t.message&&(r=new URL(s.getAttribute(\"src\")),n=new URL(t.value),c.test(n.protocol))&&n.host===r.host&&l.activeElement===s&&(d.top.location.href=t.value))}},d.addEventListener(\"message\",d.wp.receiveEmbedMessage,!1),l.addEventListener(\"DOMContentLoaded\",function(){for(var e,t,s=l.querySelectorAll(\"iframe.wp-embedded-content\"),r=0;r<s.length;r++)(t=(e=s[r]).getAttribute(\"data-secret\"))||(t=Math.random().toString(36).substring(2,12),e.src+=\"#?secret=\"+t,e.setAttribute(\"data-secret\",t)),e.contentWindow.postMessage({message:\"ready\",secret:t},\"*\")},!1)))}(window,document);\n\/* ]]> *\/\n<\/script>\n","description":"R\u00e9duire les co\u00fbts et am\u00e9liorer la qualit\u00e9 des soins\u2009: les syst\u00e8mes de sant\u00e9 fran\u00e7ais et am\u00e9ricain sont confront\u00e9s \u00e0 des d\u00e9fis comparables. Pour y r\u00e9pondre, la \u00ab\u2009loi Obama\u2009(1)\u2009\u00bb fait de l\u2019am\u00e9lioration de la coordination des soins un levier majeur \u00e0 travers la mise en place de nouveaux mod\u00e8les et incitations \u00e9conomiques. Sans apporter de r\u00e9ponses imm\u00e9diates, la comparaison internationale propose des pistes de recherche \u00e0 vis\u00e9e op\u00e9rationnelle pour mieux comprendre et \u00e9valuer la coordination des soins et \u00e9claire les options possibles pour l\u2019am\u00e9liorer."}