

{"version":"1.0","provider_name":"Gestions hospitali\u00e8res","provider_url":"https:\/\/www.ricom-web8.com\/gestions","author_name":"yann Le Sager","author_url":"https:\/\/www.ricom-web8.com\/gestions\/author\/lesager-yannstudioricom-com\/","title":"Anticiper l\u2019avenir - Gestions hospitali\u00e8res","type":"rich","width":600,"height":338,"html":"<blockquote class=\"wp-embedded-content\" data-secret=\"7HyT1jgtJ3\"><a href=\"https:\/\/www.ricom-web8.com\/gestions\/anticiper-lavenir\/\">Anticiper l\u2019avenir<\/a><\/blockquote><iframe sandbox=\"allow-scripts\" security=\"restricted\" src=\"https:\/\/www.ricom-web8.com\/gestions\/anticiper-lavenir\/embed\/#?secret=7HyT1jgtJ3\" width=\"600\" height=\"338\" title=\"\u00ab\u00a0Anticiper l\u2019avenir\u00a0\u00bb &#8212; Gestions hospitali\u00e8res\" data-secret=\"7HyT1jgtJ3\" frameborder=\"0\" marginwidth=\"0\" marginheight=\"0\" scrolling=\"no\" class=\"wp-embedded-content\"><\/iframe><script type=\"text\/javascript\">\n\/* <![CDATA[ *\/\n\/*! This file is auto-generated *\/\n!function(d,l){\"use strict\";l.querySelector&&d.addEventListener&&\"undefined\"!=typeof URL&&(d.wp=d.wp||{},d.wp.receiveEmbedMessage||(d.wp.receiveEmbedMessage=function(e){var t=e.data;if((t||t.secret||t.message||t.value)&&!\/[^a-zA-Z0-9]\/.test(t.secret)){for(var s,r,n,a=l.querySelectorAll('iframe[data-secret=\"'+t.secret+'\"]'),o=l.querySelectorAll('blockquote[data-secret=\"'+t.secret+'\"]'),c=new RegExp(\"^https?:$\",\"i\"),i=0;i<o.length;i++)o[i].style.display=\"none\";for(i=0;i<a.length;i++)s=a[i],e.source===s.contentWindow&&(s.removeAttribute(\"style\"),\"height\"===t.message?(1e3<(r=parseInt(t.value,10))?r=1e3:~~r<200&&(r=200),s.height=r):\"link\"===t.message&&(r=new URL(s.getAttribute(\"src\")),n=new URL(t.value),c.test(n.protocol))&&n.host===r.host&&l.activeElement===s&&(d.top.location.href=t.value))}},d.addEventListener(\"message\",d.wp.receiveEmbedMessage,!1),l.addEventListener(\"DOMContentLoaded\",function(){for(var e,t,s=l.querySelectorAll(\"iframe.wp-embedded-content\"),r=0;r<s.length;r++)(t=(e=s[r]).getAttribute(\"data-secret\"))||(t=Math.random().toString(36).substring(2,12),e.src+=\"#?secret=\"+t,e.setAttribute(\"data-secret\",t)),e.contentWindow.postMessage({message:\"ready\",secret:t},\"*\")},!1)))}(window,document);\n\/* ]]> *\/\n<\/script>\n","description":"Aucun r\u00e9gime sp\u00e9cialement adapt\u00e9 \u00e0 cette maladie ou \u00e0 celles apparent\u00e9es n\u2019ayant \u00e0 ce jour \u00e9t\u00e9 mis en place, la personne atteinte de la maladie d\u2019Alzheimer ne dispose que de la protection juridique de droit commun. Or, quatre principes applicables \u00e0 toutes les formes de protection constituent les \u00e9l\u00e9ments fondamentaux du dispositif l\u00e9gal\u00a0: libert\u00e9, dignit\u00e9, solidarit\u00e9 et responsabilit\u00e9.\u00a0Ainsi le droit fran\u00e7ais propose deux grands types de protection\u00a0: la protection anticip\u00e9e,&hellip;"}