

{"version":"1.0","provider_name":"Gestions hospitali\u00e8res","provider_url":"https:\/\/www.ricom-web8.com\/gestions","author_name":"Gestions hospitali\u00e8res","author_url":"https:\/\/www.ricom-web8.com\/gestions\/author\/benjamin\/","title":"Attente, urgences, gradation des soins\u2026 - Gestions hospitali\u00e8res","type":"rich","width":600,"height":338,"html":"<blockquote class=\"wp-embedded-content\" data-secret=\"Y9O9gwevm8\"><a href=\"https:\/\/www.ricom-web8.com\/gestions\/attente-urgences-gradation-des-soins\/\">Attente, urgences, gradation des soins\u2026<\/a><\/blockquote><iframe sandbox=\"allow-scripts\" security=\"restricted\" src=\"https:\/\/www.ricom-web8.com\/gestions\/attente-urgences-gradation-des-soins\/embed\/#?secret=Y9O9gwevm8\" width=\"600\" height=\"338\" title=\"\u00ab\u00a0Attente, urgences, gradation des soins\u2026\u00a0\u00bb &#8212; Gestions hospitali\u00e8res\" data-secret=\"Y9O9gwevm8\" frameborder=\"0\" marginwidth=\"0\" marginheight=\"0\" scrolling=\"no\" class=\"wp-embedded-content\"><\/iframe><script type=\"text\/javascript\">\n\/* <![CDATA[ *\/\n\/*! This file is auto-generated *\/\n!function(d,l){\"use strict\";l.querySelector&&d.addEventListener&&\"undefined\"!=typeof URL&&(d.wp=d.wp||{},d.wp.receiveEmbedMessage||(d.wp.receiveEmbedMessage=function(e){var t=e.data;if((t||t.secret||t.message||t.value)&&!\/[^a-zA-Z0-9]\/.test(t.secret)){for(var s,r,n,a=l.querySelectorAll('iframe[data-secret=\"'+t.secret+'\"]'),o=l.querySelectorAll('blockquote[data-secret=\"'+t.secret+'\"]'),c=new RegExp(\"^https?:$\",\"i\"),i=0;i<o.length;i++)o[i].style.display=\"none\";for(i=0;i<a.length;i++)s=a[i],e.source===s.contentWindow&&(s.removeAttribute(\"style\"),\"height\"===t.message?(1e3<(r=parseInt(t.value,10))?r=1e3:~~r<200&&(r=200),s.height=r):\"link\"===t.message&&(r=new URL(s.getAttribute(\"src\")),n=new URL(t.value),c.test(n.protocol))&&n.host===r.host&&l.activeElement===s&&(d.top.location.href=t.value))}},d.addEventListener(\"message\",d.wp.receiveEmbedMessage,!1),l.addEventListener(\"DOMContentLoaded\",function(){for(var e,t,s=l.querySelectorAll(\"iframe.wp-embedded-content\"),r=0;r<s.length;r++)(t=(e=s[r]).getAttribute(\"data-secret\"))||(t=Math.random().toString(36).substring(2,12),e.src+=\"#?secret=\"+t,e.setAttribute(\"data-secret\",t)),e.contentWindow.postMessage({message:\"ready\",secret:t},\"*\")},!1)))}(window,document);\n\/* ]]> *\/\n<\/script>\n","description":"L\u2019attente, une pr\u00e9occupation majeure L\u2019attente pour l\u2019acc\u00e8s aux soins constitue un enjeu sanitaire et politique important depuis de nombreuses ann\u00e9es en Su\u00e8de, comme l\u2019atteste la mise en place d\u00e8s 2005 d\u2019une garantie sur le d\u00e9lai de prise en charge pour les soins primaires et sp\u00e9cialis\u00e9s. Cette r\u00e8gle dite des \u00ab\u20090-7-90-90\u2009\u00bb pr\u00e9voit un contact le jour m\u00eame avec les services de sant\u00e9 (contact en g\u00e9n\u00e9ral t\u00e9l\u00e9phonique avec une infirmi\u00e8re), un rendez-vous&hellip;"}