

{"version":"1.0","provider_name":"Gestions hospitali\u00e8res","provider_url":"https:\/\/www.ricom-web8.com\/gestions","author_name":"yann Le Sager","author_url":"https:\/\/www.ricom-web8.com\/gestions\/author\/lesager-yannstudioricom-com\/","title":"Autonomie du sujet et pathologies mentales - Gestions hospitali\u00e8res","type":"rich","width":600,"height":338,"html":"<blockquote class=\"wp-embedded-content\" data-secret=\"pSEHPHUQSJ\"><a href=\"https:\/\/www.ricom-web8.com\/gestions\/autonomie-du-sujet-et-pathologies-mentales\/\">Autonomie du sujet et pathologies mentales<\/a><\/blockquote><iframe sandbox=\"allow-scripts\" security=\"restricted\" src=\"https:\/\/www.ricom-web8.com\/gestions\/autonomie-du-sujet-et-pathologies-mentales\/embed\/#?secret=pSEHPHUQSJ\" width=\"600\" height=\"338\" title=\"\u00ab\u00a0Autonomie du sujet et pathologies mentales\u00a0\u00bb &#8212; Gestions hospitali\u00e8res\" data-secret=\"pSEHPHUQSJ\" frameborder=\"0\" marginwidth=\"0\" marginheight=\"0\" scrolling=\"no\" class=\"wp-embedded-content\"><\/iframe><script type=\"text\/javascript\">\n\/* <![CDATA[ *\/\n\/*! This file is auto-generated *\/\n!function(d,l){\"use strict\";l.querySelector&&d.addEventListener&&\"undefined\"!=typeof URL&&(d.wp=d.wp||{},d.wp.receiveEmbedMessage||(d.wp.receiveEmbedMessage=function(e){var t=e.data;if((t||t.secret||t.message||t.value)&&!\/[^a-zA-Z0-9]\/.test(t.secret)){for(var s,r,n,a=l.querySelectorAll('iframe[data-secret=\"'+t.secret+'\"]'),o=l.querySelectorAll('blockquote[data-secret=\"'+t.secret+'\"]'),c=new RegExp(\"^https?:$\",\"i\"),i=0;i<o.length;i++)o[i].style.display=\"none\";for(i=0;i<a.length;i++)s=a[i],e.source===s.contentWindow&&(s.removeAttribute(\"style\"),\"height\"===t.message?(1e3<(r=parseInt(t.value,10))?r=1e3:~~r<200&&(r=200),s.height=r):\"link\"===t.message&&(r=new URL(s.getAttribute(\"src\")),n=new URL(t.value),c.test(n.protocol))&&n.host===r.host&&l.activeElement===s&&(d.top.location.href=t.value))}},d.addEventListener(\"message\",d.wp.receiveEmbedMessage,!1),l.addEventListener(\"DOMContentLoaded\",function(){for(var e,t,s=l.querySelectorAll(\"iframe.wp-embedded-content\"),r=0;r<s.length;r++)(t=(e=s[r]).getAttribute(\"data-secret\"))||(t=Math.random().toString(36).substring(2,12),e.src+=\"#?secret=\"+t,e.setAttribute(\"data-secret\",t)),e.contentWindow.postMessage({message:\"ready\",secret:t},\"*\")},!1)))}(window,document);\n\/* ]]> *\/\n<\/script>\n","description":"\ufeffLa question de l\u2019autonomie du sujet malade est complexe tant la maladie vient alt\u00e9rer la capacit\u00e9 de d\u00e9cision pour soi-m\u00eame qui constitue l\u2019aspect central de la dimension autonomique. C\u2019est la puissance m\u00eame de l\u2019autonomie qui, dans le cas de la pathologie mentale, est alt\u00e9r\u00e9e et non pas simplement sa mise en acte, ce qui, complexifiant encore un peu plus la probl\u00e9matique, confine \u00e0 l\u2019aporie \u00e0 laquelle pourtant l\u2019\u00e9thique soignante doit faire face. Il importe alors d\u2019inscrire cette r\u00e9flexion sur l\u2019autonomie du patient dans le contexte plus large des principes \u00e9thiques fondamentaux de la relation m\u00e9dicale qui, sch\u00e9matiquement, s\u2019imposent dans la relation de soin : le colloque singulier, le secret m\u00e9dical, le principe de bienfaisance et le respect de l\u2019autonomie."}