

{"version":"1.0","provider_name":"Gestions hospitali\u00e8res","provider_url":"https:\/\/www.ricom-web8.com\/gestions","author_name":"yann Le Sager","author_url":"https:\/\/www.ricom-web8.com\/gestions\/author\/lesager-yannstudioricom-com\/","title":"Big bang territorial et restructuration hospitali\u00e8re - Gestions hospitali\u00e8res","type":"rich","width":600,"height":338,"html":"<blockquote class=\"wp-embedded-content\" data-secret=\"Z7Ab2Z4ShQ\"><a href=\"https:\/\/www.ricom-web8.com\/gestions\/big-bang-territorial-et-restructuration-hospitaliere\/\">Big bang territorial et restructuration hospitali\u00e8re<\/a><\/blockquote><iframe sandbox=\"allow-scripts\" security=\"restricted\" src=\"https:\/\/www.ricom-web8.com\/gestions\/big-bang-territorial-et-restructuration-hospitaliere\/embed\/#?secret=Z7Ab2Z4ShQ\" width=\"600\" height=\"338\" title=\"\u00ab\u00a0Big bang territorial et restructuration hospitali\u00e8re\u00a0\u00bb &#8212; Gestions hospitali\u00e8res\" data-secret=\"Z7Ab2Z4ShQ\" frameborder=\"0\" marginwidth=\"0\" marginheight=\"0\" scrolling=\"no\" class=\"wp-embedded-content\"><\/iframe><script type=\"text\/javascript\">\n\/* <![CDATA[ *\/\n\/*! This file is auto-generated *\/\n!function(d,l){\"use strict\";l.querySelector&&d.addEventListener&&\"undefined\"!=typeof URL&&(d.wp=d.wp||{},d.wp.receiveEmbedMessage||(d.wp.receiveEmbedMessage=function(e){var t=e.data;if((t||t.secret||t.message||t.value)&&!\/[^a-zA-Z0-9]\/.test(t.secret)){for(var s,r,n,a=l.querySelectorAll('iframe[data-secret=\"'+t.secret+'\"]'),o=l.querySelectorAll('blockquote[data-secret=\"'+t.secret+'\"]'),c=new RegExp(\"^https?:$\",\"i\"),i=0;i<o.length;i++)o[i].style.display=\"none\";for(i=0;i<a.length;i++)s=a[i],e.source===s.contentWindow&&(s.removeAttribute(\"style\"),\"height\"===t.message?(1e3<(r=parseInt(t.value,10))?r=1e3:~~r<200&&(r=200),s.height=r):\"link\"===t.message&&(r=new URL(s.getAttribute(\"src\")),n=new URL(t.value),c.test(n.protocol))&&n.host===r.host&&l.activeElement===s&&(d.top.location.href=t.value))}},d.addEventListener(\"message\",d.wp.receiveEmbedMessage,!1),l.addEventListener(\"DOMContentLoaded\",function(){for(var e,t,s=l.querySelectorAll(\"iframe.wp-embedded-content\"),r=0;r<s.length;r++)(t=(e=s[r]).getAttribute(\"data-secret\"))||(t=Math.random().toString(36).substring(2,12),e.src+=\"#?secret=\"+t,e.setAttribute(\"data-secret\",t)),e.contentWindow.postMessage({message:\"ready\",secret:t},\"*\")},!1)))}(window,document);\n\/* ]]> *\/\n<\/script>\n","description":"Le Premier ministre met en \u0153uvre une ambitieuse r\u00e9forme territoriale\u2009: diviser par deux le nombre de r\u00e9gions, supprimer \u00e0 terme les conseils g\u00e9n\u00e9raux (et non l\u2019\u00e9chelon d\u00e9partemental, comme tentent de le faire croire les tenants de l\u2019immobilisme) et donner la primaut\u00e9 \u00e0 l\u2019intercommunalit\u00e9\u2026 Tout simplement adapter nos structures administratives et politiques aux \u00e9volutions techniques, soci\u00e9tales, \u00e9conomiques du xxie si\u00e8cle."}