

{"version":"1.0","provider_name":"Gestions hospitali\u00e8res","provider_url":"https:\/\/www.ricom-web8.com\/gestions","author_name":"yann Le Sager","author_url":"https:\/\/www.ricom-web8.com\/gestions\/author\/lesager-yannstudioricom-com\/","title":"Cesser de fumer, lutter contre le tabagisme\u2026 (1\/2) - Gestions hospitali\u00e8res","type":"rich","width":600,"height":338,"html":"<blockquote class=\"wp-embedded-content\" data-secret=\"QpUvz16eLr\"><a href=\"https:\/\/www.ricom-web8.com\/gestions\/cesser-de-fumer-lutter-contre-le-tabagisme\/\">Cesser de fumer, lutter contre le tabagisme\u2026 (1\/2)<\/a><\/blockquote><iframe sandbox=\"allow-scripts\" security=\"restricted\" src=\"https:\/\/www.ricom-web8.com\/gestions\/cesser-de-fumer-lutter-contre-le-tabagisme\/embed\/#?secret=QpUvz16eLr\" width=\"600\" height=\"338\" title=\"\u00ab\u00a0Cesser de fumer, lutter contre le tabagisme\u2026 (1\/2)\u00a0\u00bb &#8212; Gestions hospitali\u00e8res\" data-secret=\"QpUvz16eLr\" frameborder=\"0\" marginwidth=\"0\" marginheight=\"0\" scrolling=\"no\" class=\"wp-embedded-content\"><\/iframe><script type=\"text\/javascript\">\n\/* <![CDATA[ *\/\n\/*! This file is auto-generated *\/\n!function(d,l){\"use strict\";l.querySelector&&d.addEventListener&&\"undefined\"!=typeof URL&&(d.wp=d.wp||{},d.wp.receiveEmbedMessage||(d.wp.receiveEmbedMessage=function(e){var t=e.data;if((t||t.secret||t.message||t.value)&&!\/[^a-zA-Z0-9]\/.test(t.secret)){for(var s,r,n,a=l.querySelectorAll('iframe[data-secret=\"'+t.secret+'\"]'),o=l.querySelectorAll('blockquote[data-secret=\"'+t.secret+'\"]'),c=new RegExp(\"^https?:$\",\"i\"),i=0;i<o.length;i++)o[i].style.display=\"none\";for(i=0;i<a.length;i++)s=a[i],e.source===s.contentWindow&&(s.removeAttribute(\"style\"),\"height\"===t.message?(1e3<(r=parseInt(t.value,10))?r=1e3:~~r<200&&(r=200),s.height=r):\"link\"===t.message&&(r=new URL(s.getAttribute(\"src\")),n=new URL(t.value),c.test(n.protocol))&&n.host===r.host&&l.activeElement===s&&(d.top.location.href=t.value))}},d.addEventListener(\"message\",d.wp.receiveEmbedMessage,!1),l.addEventListener(\"DOMContentLoaded\",function(){for(var e,t,s=l.querySelectorAll(\"iframe.wp-embedded-content\"),r=0;r<s.length;r++)(t=(e=s[r]).getAttribute(\"data-secret\"))||(t=Math.random().toString(36).substring(2,12),e.src+=\"#?secret=\"+t,e.setAttribute(\"data-secret\",t)),e.contentWindow.postMessage({message:\"ready\",secret:t},\"*\")},!1)))}(window,document);\n\/* ]]> *\/\n<\/script>\n","description":"\ufeffDans une soci\u00e9t\u00e9 de financiarisation mondiale des biens de consommation, domin\u00e9e par la double contrainte de la crise financi\u00e8re et du libre \u00e9change marchand, rappeler la n\u00e9cessit\u00e9 de l\u2019\u00e9thique individuelle pour \u00ab cesser de fumer \u00bb, de l\u2019\u00e9thique de sant\u00e9 publique pour \u00ab lutter contre le tabagisme \u00bb peut appara\u00eetre incongru, voire utopique. Et pourtant, pr\u00e8s de six millions de personnes meurent chaque ann\u00e9e pr\u00e9matur\u00e9ment \u00e0 cause du tabagisme (soit pr\u00e8s de 10 % de la mortalit\u00e9 mondiale) et si ces choix \u00e9thiques ne se concr\u00e9tisent pas, l\u2019\u00e9pid\u00e9mie tabagique provoquera la mort d\u2019un milliard d\u2019individus au cours du XXIe si\u00e8cle."}