

{"version":"1.0","provider_name":"Gestions hospitali\u00e8res","provider_url":"https:\/\/www.ricom-web8.com\/gestions","author_name":"yann Le Sager","author_url":"https:\/\/www.ricom-web8.com\/gestions\/author\/lesager-yannstudioricom-com\/","title":"Contentieux des contr\u00f4les T2A - Gestions hospitali\u00e8res","type":"rich","width":600,"height":338,"html":"<blockquote class=\"wp-embedded-content\" data-secret=\"0XnnCkC2O4\"><a href=\"https:\/\/www.ricom-web8.com\/gestions\/contentieux-des-controles-t2a\/\">Contentieux des contr\u00f4les T2A<\/a><\/blockquote><iframe sandbox=\"allow-scripts\" security=\"restricted\" src=\"https:\/\/www.ricom-web8.com\/gestions\/contentieux-des-controles-t2a\/embed\/#?secret=0XnnCkC2O4\" width=\"600\" height=\"338\" title=\"\u00ab\u00a0Contentieux des contr\u00f4les T2A\u00a0\u00bb &#8212; Gestions hospitali\u00e8res\" data-secret=\"0XnnCkC2O4\" frameborder=\"0\" marginwidth=\"0\" marginheight=\"0\" scrolling=\"no\" class=\"wp-embedded-content\"><\/iframe><script type=\"text\/javascript\">\n\/* <![CDATA[ *\/\n\/*! This file is auto-generated *\/\n!function(d,l){\"use strict\";l.querySelector&&d.addEventListener&&\"undefined\"!=typeof URL&&(d.wp=d.wp||{},d.wp.receiveEmbedMessage||(d.wp.receiveEmbedMessage=function(e){var t=e.data;if((t||t.secret||t.message||t.value)&&!\/[^a-zA-Z0-9]\/.test(t.secret)){for(var s,r,n,a=l.querySelectorAll('iframe[data-secret=\"'+t.secret+'\"]'),o=l.querySelectorAll('blockquote[data-secret=\"'+t.secret+'\"]'),c=new RegExp(\"^https?:$\",\"i\"),i=0;i<o.length;i++)o[i].style.display=\"none\";for(i=0;i<a.length;i++)s=a[i],e.source===s.contentWindow&&(s.removeAttribute(\"style\"),\"height\"===t.message?(1e3<(r=parseInt(t.value,10))?r=1e3:~~r<200&&(r=200),s.height=r):\"link\"===t.message&&(r=new URL(s.getAttribute(\"src\")),n=new URL(t.value),c.test(n.protocol))&&n.host===r.host&&l.activeElement===s&&(d.top.location.href=t.value))}},d.addEventListener(\"message\",d.wp.receiveEmbedMessage,!1),l.addEventListener(\"DOMContentLoaded\",function(){for(var e,t,s=l.querySelectorAll(\"iframe.wp-embedded-content\"),r=0;r<s.length;r++)(t=(e=s[r]).getAttribute(\"data-secret\"))||(t=Math.random().toString(36).substring(2,12),e.src+=\"#?secret=\"+t,e.setAttribute(\"data-secret\",t)),e.contentWindow.postMessage({message:\"ready\",secret:t},\"*\")},!1)))}(window,document);\n\/* ]]> *\/\n<\/script>\n","description":"\ufeffLe contr\u00f4le externe de la tarification \u00e0 l\u2019activit\u00e9 provoque souvent, lorsqu\u2019il est mis en \u0153uvre, \u00e9tonnement ou incompr\u00e9hension, parfois col\u00e8re ou sentiment d\u2019injustice chez le m\u00e9decin DIM, la direction financi\u00e8re, voire le chef d\u2019\u00e9tablissement. Sans qu\u2019il soit besoin de discuter du bien-fond\u00e9 des contr\u00f4les, le juriste n\u2019est pas loin d\u2019\u00e9prouver les m\u00eames sentiments lorsqu\u2019il est conduit \u00e0 examiner la r\u00e9gularit\u00e9 de la mise en \u0153uvre du dispositif. L\u2019auteur montre ici la complexit\u00e9 et l\u2019instabilit\u00e9 d\u2019un dispositif de contr\u00f4le, fabriqu\u00e9 par les pouvoirs publics et qui donne lieu \u00e0 un contentieux riche d\u2019enseignements."}