

{"version":"1.0","provider_name":"Gestions hospitali\u00e8res","provider_url":"https:\/\/www.ricom-web8.com\/gestions","author_name":"Gestions hospitali\u00e8res","author_url":"https:\/\/www.ricom-web8.com\/gestions\/author\/benjamin\/","title":"Coop\u00e9ration sanitaire et m\u00e9dico-sociale - Gestions hospitali\u00e8res","type":"rich","width":600,"height":338,"html":"<blockquote class=\"wp-embedded-content\" data-secret=\"3yYwHItgxt\"><a href=\"https:\/\/www.ricom-web8.com\/gestions\/cooperation-sanitaire-et-medico-sociale\/\">Coop\u00e9ration sanitaire et m\u00e9dico-sociale<\/a><\/blockquote><iframe sandbox=\"allow-scripts\" security=\"restricted\" src=\"https:\/\/www.ricom-web8.com\/gestions\/cooperation-sanitaire-et-medico-sociale\/embed\/#?secret=3yYwHItgxt\" width=\"600\" height=\"338\" title=\"\u00ab\u00a0Coop\u00e9ration sanitaire et m\u00e9dico-sociale\u00a0\u00bb &#8212; Gestions hospitali\u00e8res\" data-secret=\"3yYwHItgxt\" frameborder=\"0\" marginwidth=\"0\" marginheight=\"0\" scrolling=\"no\" class=\"wp-embedded-content\"><\/iframe><script type=\"text\/javascript\">\n\/* <![CDATA[ *\/\n\/*! This file is auto-generated *\/\n!function(d,l){\"use strict\";l.querySelector&&d.addEventListener&&\"undefined\"!=typeof URL&&(d.wp=d.wp||{},d.wp.receiveEmbedMessage||(d.wp.receiveEmbedMessage=function(e){var t=e.data;if((t||t.secret||t.message||t.value)&&!\/[^a-zA-Z0-9]\/.test(t.secret)){for(var s,r,n,a=l.querySelectorAll('iframe[data-secret=\"'+t.secret+'\"]'),o=l.querySelectorAll('blockquote[data-secret=\"'+t.secret+'\"]'),c=new RegExp(\"^https?:$\",\"i\"),i=0;i<o.length;i++)o[i].style.display=\"none\";for(i=0;i<a.length;i++)s=a[i],e.source===s.contentWindow&&(s.removeAttribute(\"style\"),\"height\"===t.message?(1e3<(r=parseInt(t.value,10))?r=1e3:~~r<200&&(r=200),s.height=r):\"link\"===t.message&&(r=new URL(s.getAttribute(\"src\")),n=new URL(t.value),c.test(n.protocol))&&n.host===r.host&&l.activeElement===s&&(d.top.location.href=t.value))}},d.addEventListener(\"message\",d.wp.receiveEmbedMessage,!1),l.addEventListener(\"DOMContentLoaded\",function(){for(var e,t,s=l.querySelectorAll(\"iframe.wp-embedded-content\"),r=0;r<s.length;r++)(t=(e=s[r]).getAttribute(\"data-secret\"))||(t=Math.random().toString(36).substring(2,12),e.src+=\"#?secret=\"+t,e.setAttribute(\"data-secret\",t)),e.contentWindow.postMessage({message:\"ready\",secret:t},\"*\")},!1)))}(window,document);\n\/* ]]> *\/\n<\/script>\n","description":"Avec le vieillissement de la population fran\u00e7aise, il y a de plus en plus de personnes \u00e2g\u00e9es souffrant de troubles psychiatriques dont la prise en charge est \u00e0 la crois\u00e9e du sanitaire et du m\u00e9dico-social. Cette prise en charge demande une coordination coh\u00e9rente et un regard crois\u00e9 d\u2019une \u00e9quipe pluridisciplinaire que nous avons examin\u00e9 via la m\u00e9thodologie prospective MIC (matrice impact crois\u00e9e). Objectifs et hypoth\u00e8ses Objectif principal\u2009: \u00e9valuer l\u2019impact de&hellip;"}