

{"version":"1.0","provider_name":"Gestions hospitali\u00e8res","provider_url":"https:\/\/www.ricom-web8.com\/gestions","author_name":"Gestions hospitali\u00e8res","author_url":"https:\/\/www.ricom-web8.com\/gestions\/author\/benjamin\/","title":"Coop\u00e9rations internationales et migration professionnelle - Gestions hospitali\u00e8res","type":"rich","width":600,"height":338,"html":"<blockquote class=\"wp-embedded-content\" data-secret=\"AXoSn84HQg\"><a href=\"https:\/\/www.ricom-web8.com\/gestions\/cooperations-internationales-et-migration-professionnelle\/\">Coop\u00e9rations internationales et migration professionnelle<\/a><\/blockquote><iframe sandbox=\"allow-scripts\" security=\"restricted\" src=\"https:\/\/www.ricom-web8.com\/gestions\/cooperations-internationales-et-migration-professionnelle\/embed\/#?secret=AXoSn84HQg\" width=\"600\" height=\"338\" title=\"\u00ab\u00a0Coop\u00e9rations internationales et migration professionnelle\u00a0\u00bb &#8212; Gestions hospitali\u00e8res\" data-secret=\"AXoSn84HQg\" frameborder=\"0\" marginwidth=\"0\" marginheight=\"0\" scrolling=\"no\" class=\"wp-embedded-content\"><\/iframe><script type=\"text\/javascript\">\n\/* <![CDATA[ *\/\n\/*! This file is auto-generated *\/\n!function(d,l){\"use strict\";l.querySelector&&d.addEventListener&&\"undefined\"!=typeof URL&&(d.wp=d.wp||{},d.wp.receiveEmbedMessage||(d.wp.receiveEmbedMessage=function(e){var t=e.data;if((t||t.secret||t.message||t.value)&&!\/[^a-zA-Z0-9]\/.test(t.secret)){for(var s,r,n,a=l.querySelectorAll('iframe[data-secret=\"'+t.secret+'\"]'),o=l.querySelectorAll('blockquote[data-secret=\"'+t.secret+'\"]'),c=new RegExp(\"^https?:$\",\"i\"),i=0;i<o.length;i++)o[i].style.display=\"none\";for(i=0;i<a.length;i++)s=a[i],e.source===s.contentWindow&&(s.removeAttribute(\"style\"),\"height\"===t.message?(1e3<(r=parseInt(t.value,10))?r=1e3:~~r<200&&(r=200),s.height=r):\"link\"===t.message&&(r=new URL(s.getAttribute(\"src\")),n=new URL(t.value),c.test(n.protocol))&&n.host===r.host&&l.activeElement===s&&(d.top.location.href=t.value))}},d.addEventListener(\"message\",d.wp.receiveEmbedMessage,!1),l.addEventListener(\"DOMContentLoaded\",function(){for(var e,t,s=l.querySelectorAll(\"iframe.wp-embedded-content\"),r=0;r<s.length;r++)(t=(e=s[r]).getAttribute(\"data-secret\"))||(t=Math.random().toString(36).substring(2,12),e.src+=\"#?secret=\"+t,e.setAttribute(\"data-secret\",t)),e.contentWindow.postMessage({message:\"ready\",secret:t},\"*\")},!1)))}(window,document);\n\/* ]]> *\/\n<\/script>\n","description":"Migration des professionnels de sant\u00e9\u2009: un enjeu mondial En 2010, \u00e0 l\u2019issue de la 73e Assembl\u00e9e mondiale de la sant\u00e9, l\u2019Organisation mondiale de la sant\u00e9 (OMS) a adopt\u00e9 le Code pratique mondial pour le recrutement international des professionnels de sant\u00e9. Ce code vise \u00e0 pr\u00e9venir l\u2019\u00e9migration de professionnels qualifi\u00e9s en provenance des pays \u00e0 bas et moyens revenus vers les pays \u00e0 hauts revenus afin de lutter contre les in\u00e9galit\u00e9s&hellip;"}