

{"version":"1.0","provider_name":"Gestions hospitali\u00e8res","provider_url":"https:\/\/www.ricom-web8.com\/gestions","author_name":"Gestions hospitali\u00e8res","author_url":"https:\/\/www.ricom-web8.com\/gestions\/author\/benjamin\/","title":"De la gestion controvers\u00e9e des EMPP - Gestions hospitali\u00e8res","type":"rich","width":600,"height":338,"html":"<blockquote class=\"wp-embedded-content\" data-secret=\"U6c9KnH4Iy\"><a href=\"https:\/\/www.ricom-web8.com\/gestions\/de-gestion-controversee-empp\/\">De la gestion controvers\u00e9e des EMPP<\/a><\/blockquote><iframe sandbox=\"allow-scripts\" security=\"restricted\" src=\"https:\/\/www.ricom-web8.com\/gestions\/de-gestion-controversee-empp\/embed\/#?secret=U6c9KnH4Iy\" width=\"600\" height=\"338\" title=\"\u00ab\u00a0De la gestion controvers\u00e9e des EMPP\u00a0\u00bb &#8212; Gestions hospitali\u00e8res\" data-secret=\"U6c9KnH4Iy\" frameborder=\"0\" marginwidth=\"0\" marginheight=\"0\" scrolling=\"no\" class=\"wp-embedded-content\"><\/iframe><script type=\"text\/javascript\">\n\/* <![CDATA[ *\/\n\/*! This file is auto-generated *\/\n!function(d,l){\"use strict\";l.querySelector&&d.addEventListener&&\"undefined\"!=typeof URL&&(d.wp=d.wp||{},d.wp.receiveEmbedMessage||(d.wp.receiveEmbedMessage=function(e){var t=e.data;if((t||t.secret||t.message||t.value)&&!\/[^a-zA-Z0-9]\/.test(t.secret)){for(var s,r,n,a=l.querySelectorAll('iframe[data-secret=\"'+t.secret+'\"]'),o=l.querySelectorAll('blockquote[data-secret=\"'+t.secret+'\"]'),c=new RegExp(\"^https?:$\",\"i\"),i=0;i<o.length;i++)o[i].style.display=\"none\";for(i=0;i<a.length;i++)s=a[i],e.source===s.contentWindow&&(s.removeAttribute(\"style\"),\"height\"===t.message?(1e3<(r=parseInt(t.value,10))?r=1e3:~~r<200&&(r=200),s.height=r):\"link\"===t.message&&(r=new URL(s.getAttribute(\"src\")),n=new URL(t.value),c.test(n.protocol))&&n.host===r.host&&l.activeElement===s&&(d.top.location.href=t.value))}},d.addEventListener(\"message\",d.wp.receiveEmbedMessage,!1),l.addEventListener(\"DOMContentLoaded\",function(){for(var e,t,s=l.querySelectorAll(\"iframe.wp-embedded-content\"),r=0;r<s.length;r++)(t=(e=s[r]).getAttribute(\"data-secret\"))||(t=Math.random().toString(36).substring(2,12),e.src+=\"#?secret=\"+t,e.setAttribute(\"data-secret\",t)),e.contentWindow.postMessage({message:\"ready\",secret:t},\"*\")},!1)))}(window,document);\n\/* ]]> *\/\n<\/script>\n","description":"La cr\u00e9ation des \u00e9quipes mobiles psychiatrie\/pr\u00e9carit\u00e9 (EMPP) en 2005 (1) r\u00e9pond \u00e0 la volont\u00e9 des pouvoirs publics de concr\u00e9tiser l\u2019acc\u00e8s \u00e0 la pr\u00e9vention et aux soins des personnes les plus d\u00e9munies, conform\u00e9ment \u00e0 la loi d\u2019orientation du 29\u00a0juillet 1998 relative \u00e0 la lutte contre les exclusions. La mise en \u00e9vidence de la surrepr\u00e9sentation des troubles psychiatriques chez les personnes sans domicile ou dans une situation de pr\u00e9carit\u00e9, qui s\u2019accro\u00eet depuis&hellip;"}