

{"version":"1.0","provider_name":"Gestions hospitali\u00e8res","provider_url":"https:\/\/www.ricom-web8.com\/gestions","author_name":"yann Le Sager","author_url":"https:\/\/www.ricom-web8.com\/gestions\/author\/lesager-yannstudioricom-com\/","title":"Demain, temps m\u00e9dical continu pour tous\u2009? - Gestions hospitali\u00e8res","type":"rich","width":600,"height":338,"html":"<blockquote class=\"wp-embedded-content\" data-secret=\"RxB3HG3JEe\"><a href=\"https:\/\/www.ricom-web8.com\/gestions\/demain-temps-medical-continu-pour-tous\/\">Demain, temps m\u00e9dical continu pour tous\u2009?<\/a><\/blockquote><iframe sandbox=\"allow-scripts\" security=\"restricted\" src=\"https:\/\/www.ricom-web8.com\/gestions\/demain-temps-medical-continu-pour-tous\/embed\/#?secret=RxB3HG3JEe\" width=\"600\" height=\"338\" title=\"\u00ab\u00a0Demain, temps m\u00e9dical continu pour tous\u2009?\u00a0\u00bb &#8212; Gestions hospitali\u00e8res\" data-secret=\"RxB3HG3JEe\" frameborder=\"0\" marginwidth=\"0\" marginheight=\"0\" scrolling=\"no\" class=\"wp-embedded-content\"><\/iframe><script type=\"text\/javascript\">\n\/* <![CDATA[ *\/\n\/*! This file is auto-generated *\/\n!function(d,l){\"use strict\";l.querySelector&&d.addEventListener&&\"undefined\"!=typeof URL&&(d.wp=d.wp||{},d.wp.receiveEmbedMessage||(d.wp.receiveEmbedMessage=function(e){var t=e.data;if((t||t.secret||t.message||t.value)&&!\/[^a-zA-Z0-9]\/.test(t.secret)){for(var s,r,n,a=l.querySelectorAll('iframe[data-secret=\"'+t.secret+'\"]'),o=l.querySelectorAll('blockquote[data-secret=\"'+t.secret+'\"]'),c=new RegExp(\"^https?:$\",\"i\"),i=0;i<o.length;i++)o[i].style.display=\"none\";for(i=0;i<a.length;i++)s=a[i],e.source===s.contentWindow&&(s.removeAttribute(\"style\"),\"height\"===t.message?(1e3<(r=parseInt(t.value,10))?r=1e3:~~r<200&&(r=200),s.height=r):\"link\"===t.message&&(r=new URL(s.getAttribute(\"src\")),n=new URL(t.value),c.test(n.protocol))&&n.host===r.host&&l.activeElement===s&&(d.top.location.href=t.value))}},d.addEventListener(\"message\",d.wp.receiveEmbedMessage,!1),l.addEventListener(\"DOMContentLoaded\",function(){for(var e,t,s=l.querySelectorAll(\"iframe.wp-embedded-content\"),r=0;r<s.length;r++)(t=(e=s[r]).getAttribute(\"data-secret\"))||(t=Math.random().toString(36).substring(2,12),e.src+=\"#?secret=\"+t,e.setAttribute(\"data-secret\",t)),e.contentWindow.postMessage({message:\"ready\",secret:t},\"*\")},!1)))}(window,document);\n\/* ]]> *\/\n<\/script>\n","description":"Aujourd\u2019hui, dans un centre hospitalier, il est possible qu\u2019un directeur ne soit pas en mesure de dire combien de temps a travaill\u00e9 un m\u00e9decin sur les sept derniers jours ou quels m\u00e9decins sont pr\u00e9sents tel ou tel jour dans son \u00e9tablissement. En effet, le plus souvent, le temps de travail des m\u00e9decins n\u2019est pas organis\u00e9. Cela ne veut pas dire que la population risque d\u2019\u00eatre hospitalis\u00e9e dans un h\u00f4pital vide, non, le risque est davantage juridique\u2009: l\u2019organisation, souvent orale, ne peut \u00eatre d\u00e9montr\u00e9e. De l\u00e0, aucune organisation de la permanence des soins ne peut \u00eatre prouv\u00e9e. Il va pourtant falloir repenser int\u00e9gralement l\u2019h\u00f4pital et la gestion des ressources humaines m\u00e9dicales puisque la Commission europ\u00e9enne a demand\u00e9 \u00e0 la France de se mettre en conformit\u00e9 avec la directive communautaire de 2003 sur le temps de travail."}