

{"version":"1.0","provider_name":"Gestions hospitali\u00e8res","provider_url":"https:\/\/www.ricom-web8.com\/gestions","author_name":"Gestions hospitali\u00e8res","author_url":"https:\/\/www.ricom-web8.com\/gestions\/author\/benjamin\/","title":"D\u00e9penses de sant\u00e9, vieillissement et fragilit\u00e9 - Gestions hospitali\u00e8res","type":"rich","width":600,"height":338,"html":"<blockquote class=\"wp-embedded-content\" data-secret=\"CpRoO9jtFM\"><a href=\"https:\/\/www.ricom-web8.com\/gestions\/depenses-de-sante-vieillissement-fragilite\/\">D\u00e9penses de sant\u00e9, vieillissement et fragilit\u00e9<\/a><\/blockquote><iframe sandbox=\"allow-scripts\" security=\"restricted\" src=\"https:\/\/www.ricom-web8.com\/gestions\/depenses-de-sante-vieillissement-fragilite\/embed\/#?secret=CpRoO9jtFM\" width=\"600\" height=\"338\" title=\"\u00ab\u00a0D\u00e9penses de sant\u00e9, vieillissement et fragilit\u00e9\u00a0\u00bb &#8212; Gestions hospitali\u00e8res\" data-secret=\"CpRoO9jtFM\" frameborder=\"0\" marginwidth=\"0\" marginheight=\"0\" scrolling=\"no\" class=\"wp-embedded-content\"><\/iframe><script type=\"text\/javascript\">\n\/* <![CDATA[ *\/\n\/*! This file is auto-generated *\/\n!function(d,l){\"use strict\";l.querySelector&&d.addEventListener&&\"undefined\"!=typeof URL&&(d.wp=d.wp||{},d.wp.receiveEmbedMessage||(d.wp.receiveEmbedMessage=function(e){var t=e.data;if((t||t.secret||t.message||t.value)&&!\/[^a-zA-Z0-9]\/.test(t.secret)){for(var s,r,n,a=l.querySelectorAll('iframe[data-secret=\"'+t.secret+'\"]'),o=l.querySelectorAll('blockquote[data-secret=\"'+t.secret+'\"]'),c=new RegExp(\"^https?:$\",\"i\"),i=0;i<o.length;i++)o[i].style.display=\"none\";for(i=0;i<a.length;i++)s=a[i],e.source===s.contentWindow&&(s.removeAttribute(\"style\"),\"height\"===t.message?(1e3<(r=parseInt(t.value,10))?r=1e3:~~r<200&&(r=200),s.height=r):\"link\"===t.message&&(r=new URL(s.getAttribute(\"src\")),n=new URL(t.value),c.test(n.protocol))&&n.host===r.host&&l.activeElement===s&&(d.top.location.href=t.value))}},d.addEventListener(\"message\",d.wp.receiveEmbedMessage,!1),l.addEventListener(\"DOMContentLoaded\",function(){for(var e,t,s=l.querySelectorAll(\"iframe.wp-embedded-content\"),r=0;r<s.length;r++)(t=(e=s[r]).getAttribute(\"data-secret\"))||(t=Math.random().toString(36).substring(2,12),e.src+=\"#?secret=\"+t,e.setAttribute(\"data-secret\",t)),e.contentWindow.postMessage({message:\"ready\",secret:t},\"*\")},!1)))}(window,document);\n\/* ]]> *\/\n<\/script>\n","description":"Les r\u00e9flexions des auteurs de l\u2019\u00e9tude reposent sur une des analyses issues de l\u2019enqu\u00eate Sant\u00e9 et protection sociale (ESPS) men\u00e9e sur la population des personnes \u00e2g\u00e9es de 65\u00a0ans ou plus. Les donn\u00e9es de s\u00e9curit\u00e9 sociale de l\u2019\u00e9chantillon ont \u00e9t\u00e9 rapproch\u00e9es des r\u00e9ponses \u00e0 l\u2019enqu\u00eate. Il est donc possible de comparer les divers indicateurs liant \u00e2ge, d\u00e9penses de sant\u00e9, fragilit\u00e9, ambulatoire, car l\u2019\u00e9tude ne porte pas sur la consommation de soins&hellip;"}