

{"version":"1.0","provider_name":"Gestions hospitali\u00e8res","provider_url":"https:\/\/www.ricom-web8.com\/gestions","author_name":"Gestions hospitali\u00e8res","author_url":"https:\/\/www.ricom-web8.com\/gestions\/author\/benjamin\/","title":"Des professionnels impliqu\u00e9s - Gestions hospitali\u00e8res","type":"rich","width":600,"height":338,"html":"<blockquote class=\"wp-embedded-content\" data-secret=\"Vu0B1pKvo6\"><a href=\"https:\/\/www.ricom-web8.com\/gestions\/des-professionnels-impliques\/\">Des professionnels impliqu\u00e9s<\/a><\/blockquote><iframe sandbox=\"allow-scripts\" security=\"restricted\" src=\"https:\/\/www.ricom-web8.com\/gestions\/des-professionnels-impliques\/embed\/#?secret=Vu0B1pKvo6\" width=\"600\" height=\"338\" title=\"\u00ab\u00a0Des professionnels impliqu\u00e9s\u00a0\u00bb &#8212; Gestions hospitali\u00e8res\" data-secret=\"Vu0B1pKvo6\" frameborder=\"0\" marginwidth=\"0\" marginheight=\"0\" scrolling=\"no\" class=\"wp-embedded-content\"><\/iframe><script type=\"text\/javascript\">\n\/* <![CDATA[ *\/\n\/*! This file is auto-generated *\/\n!function(d,l){\"use strict\";l.querySelector&&d.addEventListener&&\"undefined\"!=typeof URL&&(d.wp=d.wp||{},d.wp.receiveEmbedMessage||(d.wp.receiveEmbedMessage=function(e){var t=e.data;if((t||t.secret||t.message||t.value)&&!\/[^a-zA-Z0-9]\/.test(t.secret)){for(var s,r,n,a=l.querySelectorAll('iframe[data-secret=\"'+t.secret+'\"]'),o=l.querySelectorAll('blockquote[data-secret=\"'+t.secret+'\"]'),c=new RegExp(\"^https?:$\",\"i\"),i=0;i<o.length;i++)o[i].style.display=\"none\";for(i=0;i<a.length;i++)s=a[i],e.source===s.contentWindow&&(s.removeAttribute(\"style\"),\"height\"===t.message?(1e3<(r=parseInt(t.value,10))?r=1e3:~~r<200&&(r=200),s.height=r):\"link\"===t.message&&(r=new URL(s.getAttribute(\"src\")),n=new URL(t.value),c.test(n.protocol))&&n.host===r.host&&l.activeElement===s&&(d.top.location.href=t.value))}},d.addEventListener(\"message\",d.wp.receiveEmbedMessage,!1),l.addEventListener(\"DOMContentLoaded\",function(){for(var e,t,s=l.querySelectorAll(\"iframe.wp-embedded-content\"),r=0;r<s.length;r++)(t=(e=s[r]).getAttribute(\"data-secret\"))||(t=Math.random().toString(36).substring(2,12),e.src+=\"#?secret=\"+t,e.setAttribute(\"data-secret\",t)),e.contentWindow.postMessage({message:\"ready\",secret:t},\"*\")},!1)))}(window,document);\n\/* ]]> *\/\n<\/script>\n","description":"Sur le plan scientifique, outre les articles princeps publi\u00e9s depuis 2012(2) et le guide co\u00e9dit\u00e9 par le Comit\u00e9 D\u00e9veloppement durable en sant\u00e9 (CD2S) et la Soci\u00e9t\u00e9 fran\u00e7aise d\u2019anesth\u00e9sie-r\u00e9animation (Sfar) en 2017(3), on peut citer les \u00ab\u2009fiches pratiques\u2009\u00bb de la Sfar sur des sujets tels que le recyclage des plastiques et du m\u00e9tal, la r\u00e9duction de l\u2019utilisation des gaz anesth\u00e9siques ou celle de l\u2019exposition aux perturbateurs endocriniens(4).\u00a0 En 2020, avec des&hellip;"}