

{"version":"1.0","provider_name":"Gestions hospitali\u00e8res","provider_url":"https:\/\/www.ricom-web8.com\/gestions","author_name":"yann Le Sager","author_url":"https:\/\/www.ricom-web8.com\/gestions\/author\/lesager-yannstudioricom-com\/","title":"D\u00e9velopper la sant\u00e9 orale en psychiatrie - Gestions hospitali\u00e8res","type":"rich","width":600,"height":338,"html":"<blockquote class=\"wp-embedded-content\" data-secret=\"JNAft7esoD\"><a href=\"https:\/\/www.ricom-web8.com\/gestions\/developper-la-sante-orale-en-psychiatrie\/\">D\u00e9velopper la sant\u00e9 orale en psychiatrie<\/a><\/blockquote><iframe sandbox=\"allow-scripts\" security=\"restricted\" src=\"https:\/\/www.ricom-web8.com\/gestions\/developper-la-sante-orale-en-psychiatrie\/embed\/#?secret=JNAft7esoD\" width=\"600\" height=\"338\" title=\"\u00ab\u00a0D\u00e9velopper la sant\u00e9 orale en psychiatrie\u00a0\u00bb &#8212; Gestions hospitali\u00e8res\" data-secret=\"JNAft7esoD\" frameborder=\"0\" marginwidth=\"0\" marginheight=\"0\" scrolling=\"no\" class=\"wp-embedded-content\"><\/iframe><script type=\"text\/javascript\">\n\/* <![CDATA[ *\/\n\/*! This file is auto-generated *\/\n!function(d,l){\"use strict\";l.querySelector&&d.addEventListener&&\"undefined\"!=typeof URL&&(d.wp=d.wp||{},d.wp.receiveEmbedMessage||(d.wp.receiveEmbedMessage=function(e){var t=e.data;if((t||t.secret||t.message||t.value)&&!\/[^a-zA-Z0-9]\/.test(t.secret)){for(var s,r,n,a=l.querySelectorAll('iframe[data-secret=\"'+t.secret+'\"]'),o=l.querySelectorAll('blockquote[data-secret=\"'+t.secret+'\"]'),c=new RegExp(\"^https?:$\",\"i\"),i=0;i<o.length;i++)o[i].style.display=\"none\";for(i=0;i<a.length;i++)s=a[i],e.source===s.contentWindow&&(s.removeAttribute(\"style\"),\"height\"===t.message?(1e3<(r=parseInt(t.value,10))?r=1e3:~~r<200&&(r=200),s.height=r):\"link\"===t.message&&(r=new URL(s.getAttribute(\"src\")),n=new URL(t.value),c.test(n.protocol))&&n.host===r.host&&l.activeElement===s&&(d.top.location.href=t.value))}},d.addEventListener(\"message\",d.wp.receiveEmbedMessage,!1),l.addEventListener(\"DOMContentLoaded\",function(){for(var e,t,s=l.querySelectorAll(\"iframe.wp-embedded-content\"),r=0;r<s.length;r++)(t=(e=s[r]).getAttribute(\"data-secret\"))||(t=Math.random().toString(36).substring(2,12),e.src+=\"#?secret=\"+t,e.setAttribute(\"data-secret\",t)),e.contentWindow.postMessage({message:\"ready\",secret:t},\"*\")},!1)))}(window,document);\n\/* ]]> *\/\n<\/script>\n","description":"\ufeffLa sant\u00e9 orale, partie int\u00e9grante de la prise en charge globale des soins somatiques en psychiatrie, a \u00e9t\u00e9 longtemps n\u00e9glig\u00e9e car difficile \u00e0 mettre en \u0153uvre. Et pourtant, l\u2019\u00e9tat bucco-dentaire d\u00e9grad\u00e9 fr\u00e9quemment observ\u00e9 chez les patients psychotiques a des incidences majeures sur l\u2019\u00e9tat de sant\u00e9 et repr\u00e9sente un frein \u00e0 la socialisation. L\u2019originalit\u00e9 de la d\u00e9marche pr\u00e9sent\u00e9e ici consiste, dans un cadre associatif, \u00e0 faire collaborer le monde sanitaire, lib\u00e9ral, associatif et m\u00e9dico-social, tout en s\u2019appuyant sur le maillage apport\u00e9 par la sectorisation en psychiatrie. Gr\u00e2ce \u00e0 son organisation structur\u00e9e et \u00e0 son exp\u00e9rience dans le domaine de la sant\u00e9 publique, l\u2019institution hospitali\u00e8re repr\u00e9sente un maillon essentiel pour la r\u00e9ussite de ce projet."}