

{"version":"1.0","provider_name":"Gestions hospitali\u00e8res","provider_url":"https:\/\/www.ricom-web8.com\/gestions","author_name":"yann Le Sager","author_url":"https:\/\/www.ricom-web8.com\/gestions\/author\/lesager-yannstudioricom-com\/","title":"L\u2019effort individuel au service du collectif - Gestions hospitali\u00e8res","type":"rich","width":600,"height":338,"html":"<blockquote class=\"wp-embedded-content\" data-secret=\"w4HOBH5mjH\"><a href=\"https:\/\/www.ricom-web8.com\/gestions\/dossier\/leffort-individuel-au-service-du-collectif\/\">L\u2019effort individuel au service du collectif<\/a><\/blockquote><iframe sandbox=\"allow-scripts\" security=\"restricted\" src=\"https:\/\/www.ricom-web8.com\/gestions\/dossier\/leffort-individuel-au-service-du-collectif\/embed\/#?secret=w4HOBH5mjH\" width=\"600\" height=\"338\" title=\"\u00ab\u00a0L\u2019effort individuel au service du collectif\u00a0\u00bb &#8212; Gestions hospitali\u00e8res\" data-secret=\"w4HOBH5mjH\" frameborder=\"0\" marginwidth=\"0\" marginheight=\"0\" scrolling=\"no\" class=\"wp-embedded-content\"><\/iframe><script type=\"text\/javascript\">\n\/* <![CDATA[ *\/\n\/*! This file is auto-generated *\/\n!function(d,l){\"use strict\";l.querySelector&&d.addEventListener&&\"undefined\"!=typeof URL&&(d.wp=d.wp||{},d.wp.receiveEmbedMessage||(d.wp.receiveEmbedMessage=function(e){var t=e.data;if((t||t.secret||t.message||t.value)&&!\/[^a-zA-Z0-9]\/.test(t.secret)){for(var s,r,n,a=l.querySelectorAll('iframe[data-secret=\"'+t.secret+'\"]'),o=l.querySelectorAll('blockquote[data-secret=\"'+t.secret+'\"]'),c=new RegExp(\"^https?:$\",\"i\"),i=0;i<o.length;i++)o[i].style.display=\"none\";for(i=0;i<a.length;i++)s=a[i],e.source===s.contentWindow&&(s.removeAttribute(\"style\"),\"height\"===t.message?(1e3<(r=parseInt(t.value,10))?r=1e3:~~r<200&&(r=200),s.height=r):\"link\"===t.message&&(r=new URL(s.getAttribute(\"src\")),n=new URL(t.value),c.test(n.protocol))&&n.host===r.host&&l.activeElement===s&&(d.top.location.href=t.value))}},d.addEventListener(\"message\",d.wp.receiveEmbedMessage,!1),l.addEventListener(\"DOMContentLoaded\",function(){for(var e,t,s=l.querySelectorAll(\"iframe.wp-embedded-content\"),r=0;r<s.length;r++)(t=(e=s[r]).getAttribute(\"data-secret\"))||(t=Math.random().toString(36).substring(2,12),e.src+=\"#?secret=\"+t,e.setAttribute(\"data-secret\",t)),e.contentWindow.postMessage({message:\"ready\",secret:t},\"*\")},!1)))}(window,document);\n\/* ]]> *\/\n<\/script>\n","description":"Le dossier de Gestions hospitali\u00e8res met en exergue le travail d\u2019\u00e9quipe. La somme des individualit\u00e9s est d\u00e9multipli\u00e9e par la coh\u00e9sion et la construction en \u00e9quipe. Dans un contexte de violences, d\u2019incivilit\u00e9s, de stress \u00e9motionnel, de responsabilit\u00e9s, de comp\u00e9tition, de contraintes \u00e9conomiques et de remise en cause des pratiques et organisations, l\u2019\u00e9quipe doit constituer une force et un soutien, le collectif doit assurer la sauvegarde des individus, la coordination et la&hellip;"}