

{"version":"1.0","provider_name":"Gestions hospitali\u00e8res","provider_url":"https:\/\/www.ricom-web8.com\/gestions","author_name":"Claire Marvanne","author_url":"https:\/\/www.ricom-web8.com\/gestions\/author\/claire\/","title":"L\u2019h\u00f4pital de demain vu par les m\u00e9decins - Gestions hospitali\u00e8res","type":"rich","width":600,"height":338,"html":"<blockquote class=\"wp-embedded-content\" data-secret=\"dqBbOGcVVe\"><a href=\"https:\/\/www.ricom-web8.com\/gestions\/dossier\/lhopital-de-demain-medecins\/\">L\u2019h\u00f4pital de demain vu par les m\u00e9decins<\/a><\/blockquote><iframe sandbox=\"allow-scripts\" security=\"restricted\" src=\"https:\/\/www.ricom-web8.com\/gestions\/dossier\/lhopital-de-demain-medecins\/embed\/#?secret=dqBbOGcVVe\" width=\"600\" height=\"338\" title=\"\u00ab\u00a0L\u2019h\u00f4pital de demain vu par les m\u00e9decins\u00a0\u00bb &#8212; Gestions hospitali\u00e8res\" data-secret=\"dqBbOGcVVe\" frameborder=\"0\" marginwidth=\"0\" marginheight=\"0\" scrolling=\"no\" class=\"wp-embedded-content\"><\/iframe><script type=\"text\/javascript\">\n\/* <![CDATA[ *\/\n\/*! This file is auto-generated *\/\n!function(d,l){\"use strict\";l.querySelector&&d.addEventListener&&\"undefined\"!=typeof URL&&(d.wp=d.wp||{},d.wp.receiveEmbedMessage||(d.wp.receiveEmbedMessage=function(e){var t=e.data;if((t||t.secret||t.message||t.value)&&!\/[^a-zA-Z0-9]\/.test(t.secret)){for(var s,r,n,a=l.querySelectorAll('iframe[data-secret=\"'+t.secret+'\"]'),o=l.querySelectorAll('blockquote[data-secret=\"'+t.secret+'\"]'),c=new RegExp(\"^https?:$\",\"i\"),i=0;i<o.length;i++)o[i].style.display=\"none\";for(i=0;i<a.length;i++)s=a[i],e.source===s.contentWindow&&(s.removeAttribute(\"style\"),\"height\"===t.message?(1e3<(r=parseInt(t.value,10))?r=1e3:~~r<200&&(r=200),s.height=r):\"link\"===t.message&&(r=new URL(s.getAttribute(\"src\")),n=new URL(t.value),c.test(n.protocol))&&n.host===r.host&&l.activeElement===s&&(d.top.location.href=t.value))}},d.addEventListener(\"message\",d.wp.receiveEmbedMessage,!1),l.addEventListener(\"DOMContentLoaded\",function(){for(var e,t,s=l.querySelectorAll(\"iframe.wp-embedded-content\"),r=0;r<s.length;r++)(t=(e=s[r]).getAttribute(\"data-secret\"))||(t=Math.random().toString(36).substring(2,12),e.src+=\"#?secret=\"+t,e.setAttribute(\"data-secret\",t)),e.contentWindow.postMessage({message:\"ready\",secret:t},\"*\")},!1)))}(window,document);\n\/* ]]> *\/\n<\/script>\n","thumbnail_url":"https:\/\/www.ricom-web8.com\/gestions\/wp-content\/uploads\/2016\/10\/ill_559.png","thumbnail_width":600,"thumbnail_height":388,"description":"Suite aux diff\u00e9rentes lois de sant\u00e9, les m\u00e9decins ont actuellement un pouvoir d\u00e9cisionnel restreint, mais ils r\u00e9fl\u00e9chissent encore \u00e0 l\u2019\u00e9volution de l\u2019h\u00f4pital dans toutes ses dimensions. Nous avons voulu montrer dans ce dossier que nous, m\u00e9decins, pouvons apporter notre pierre \u00e0 l\u2019\u00e9difice de la modernisation de l\u2019h\u00f4pital, avec des pistes de r\u00e9flexion sur la recherche, la gouvernance, le financement, l\u2019attractivit\u00e9 et les groupements hospitaliers de territoire. Alors que sera l\u2019h\u00f4pital&hellip;"}