

{"version":"1.0","provider_name":"Gestions hospitali\u00e8res","provider_url":"https:\/\/www.ricom-web8.com\/gestions","author_name":"Gestions hospitali\u00e8res","author_url":"https:\/\/www.ricom-web8.com\/gestions\/author\/benjamin\/","title":"Du droit individuel \u00e0 la protection collective - Gestions hospitali\u00e8res","type":"rich","width":600,"height":338,"html":"<blockquote class=\"wp-embedded-content\" data-secret=\"kouIPddZlU\"><a href=\"https:\/\/www.ricom-web8.com\/gestions\/du-droit-individuel-a-la-protection-collective\/\">Du droit individuel \u00e0 la protection collective<\/a><\/blockquote><iframe sandbox=\"allow-scripts\" security=\"restricted\" src=\"https:\/\/www.ricom-web8.com\/gestions\/du-droit-individuel-a-la-protection-collective\/embed\/#?secret=kouIPddZlU\" width=\"600\" height=\"338\" title=\"\u00ab\u00a0Du droit individuel \u00e0 la protection collective\u00a0\u00bb &#8212; Gestions hospitali\u00e8res\" data-secret=\"kouIPddZlU\" frameborder=\"0\" marginwidth=\"0\" marginheight=\"0\" scrolling=\"no\" class=\"wp-embedded-content\"><\/iframe><script type=\"text\/javascript\">\n\/* <![CDATA[ *\/\n\/*! This file is auto-generated *\/\n!function(d,l){\"use strict\";l.querySelector&&d.addEventListener&&\"undefined\"!=typeof URL&&(d.wp=d.wp||{},d.wp.receiveEmbedMessage||(d.wp.receiveEmbedMessage=function(e){var t=e.data;if((t||t.secret||t.message||t.value)&&!\/[^a-zA-Z0-9]\/.test(t.secret)){for(var s,r,n,a=l.querySelectorAll('iframe[data-secret=\"'+t.secret+'\"]'),o=l.querySelectorAll('blockquote[data-secret=\"'+t.secret+'\"]'),c=new RegExp(\"^https?:$\",\"i\"),i=0;i<o.length;i++)o[i].style.display=\"none\";for(i=0;i<a.length;i++)s=a[i],e.source===s.contentWindow&&(s.removeAttribute(\"style\"),\"height\"===t.message?(1e3<(r=parseInt(t.value,10))?r=1e3:~~r<200&&(r=200),s.height=r):\"link\"===t.message&&(r=new URL(s.getAttribute(\"src\")),n=new URL(t.value),c.test(n.protocol))&&n.host===r.host&&l.activeElement===s&&(d.top.location.href=t.value))}},d.addEventListener(\"message\",d.wp.receiveEmbedMessage,!1),l.addEventListener(\"DOMContentLoaded\",function(){for(var e,t,s=l.querySelectorAll(\"iframe.wp-embedded-content\"),r=0;r<s.length;r++)(t=(e=s[r]).getAttribute(\"data-secret\"))||(t=Math.random().toString(36).substring(2,12),e.src+=\"#?secret=\"+t,e.setAttribute(\"data-secret\",t)),e.contentWindow.postMessage({message:\"ready\",secret:t},\"*\")},!1)))}(window,document);\n\/* ]]> *\/\n<\/script>\n","description":"D\u00e8s le d\u00e9but des ann\u00e9es 2000, la Charte des droits fondamentaux de l\u2019Union europ\u00e9enne(2) affirmait le droit \u00e0 la protection des donn\u00e9es personnelles des individus. Elle \u00e9non\u00e7ait par ailleurs les fondements du traitement de ces donn\u00e9es, reposant sur une base de loyaut\u00e9, \u00e0 des fins d\u00e9termin\u00e9es et avec le consentement de la personne. Elle pr\u00e9voyait l\u2019acc\u00e8s aux donn\u00e9es personnelles et la cr\u00e9ation d\u2019une autorit\u00e9 ind\u00e9pendante charg\u00e9e d\u2019en contr\u00f4ler le respect&hellip;"}