

{"version":"1.0","provider_name":"Gestions hospitali\u00e8res","provider_url":"https:\/\/www.ricom-web8.com\/gestions","author_name":"Gestions hospitali\u00e8res","author_url":"https:\/\/www.ricom-web8.com\/gestions\/author\/benjamin\/","title":"Les enjeux de la nouvelle tarification - Gestions hospitali\u00e8res","type":"rich","width":600,"height":338,"html":"<blockquote class=\"wp-embedded-content\" data-secret=\"KB6ZqX1QOG\"><a href=\"https:\/\/www.ricom-web8.com\/gestions\/enjeux-de-nouvelle-tarification\/\">Les enjeux de la nouvelle tarification<\/a><\/blockquote><iframe sandbox=\"allow-scripts\" security=\"restricted\" src=\"https:\/\/www.ricom-web8.com\/gestions\/enjeux-de-nouvelle-tarification\/embed\/#?secret=KB6ZqX1QOG\" width=\"600\" height=\"338\" title=\"\u00ab\u00a0Les enjeux de la nouvelle tarification\u00a0\u00bb &#8212; Gestions hospitali\u00e8res\" data-secret=\"KB6ZqX1QOG\" frameborder=\"0\" marginwidth=\"0\" marginheight=\"0\" scrolling=\"no\" class=\"wp-embedded-content\"><\/iframe><script type=\"text\/javascript\">\n\/* <![CDATA[ *\/\n\/*! This file is auto-generated *\/\n!function(d,l){\"use strict\";l.querySelector&&d.addEventListener&&\"undefined\"!=typeof URL&&(d.wp=d.wp||{},d.wp.receiveEmbedMessage||(d.wp.receiveEmbedMessage=function(e){var t=e.data;if((t||t.secret||t.message||t.value)&&!\/[^a-zA-Z0-9]\/.test(t.secret)){for(var s,r,n,a=l.querySelectorAll('iframe[data-secret=\"'+t.secret+'\"]'),o=l.querySelectorAll('blockquote[data-secret=\"'+t.secret+'\"]'),c=new RegExp(\"^https?:$\",\"i\"),i=0;i<o.length;i++)o[i].style.display=\"none\";for(i=0;i<a.length;i++)s=a[i],e.source===s.contentWindow&&(s.removeAttribute(\"style\"),\"height\"===t.message?(1e3<(r=parseInt(t.value,10))?r=1e3:~~r<200&&(r=200),s.height=r):\"link\"===t.message&&(r=new URL(s.getAttribute(\"src\")),n=new URL(t.value),c.test(n.protocol))&&n.host===r.host&&l.activeElement===s&&(d.top.location.href=t.value))}},d.addEventListener(\"message\",d.wp.receiveEmbedMessage,!1),l.addEventListener(\"DOMContentLoaded\",function(){for(var e,t,s=l.querySelectorAll(\"iframe.wp-embedded-content\"),r=0;r<s.length;r++)(t=(e=s[r]).getAttribute(\"data-secret\"))||(t=Math.random().toString(36).substring(2,12),e.src+=\"#?secret=\"+t,e.setAttribute(\"data-secret\",t)),e.contentWindow.postMessage({message:\"ready\",secret:t},\"*\")},!1)))}(window,document);\n\/* ]]> *\/\n<\/script>\n","description":"Des constats partag\u00e9s La question fondamentale du financement de l\u2019action m\u00e9dico-\u00adsociale est des plus simples\u2009: que finance exactement la puissance publique\u2009? La r\u00e9ponse s\u2019av\u00e8re plus complexe. En fonction de ses champs d\u2019intervention, l\u2019action m\u00e9dico-sociale est financ\u00e9e par l\u2019\u00c9tat, l\u2019assurance maladie et les conseils d\u00e9partementaux. Jusqu\u2019alors, la puissance publique octroyait largement des ressources sur la base d\u2019agr\u00e9ments et d\u2019une \u00ab\u2009logique de places\u2009\u00bb attribu\u00e9s \u00e0 tel ou tel \u00e9tablissement ou service m\u00e9dico-social&hellip;"}