

{"version":"1.0","provider_name":"Gestions hospitali\u00e8res","provider_url":"https:\/\/www.ricom-web8.com\/gestions","author_name":"Gestions hospitali\u00e8res","author_url":"https:\/\/www.ricom-web8.com\/gestions\/author\/benjamin\/","title":"Coop\u00e9rations hospitali\u00e8res : entre incitation r\u00e9glementaire et int\u00e9r\u00eat strat\u00e9gique \u00e0 agir - Gestions hospitali\u00e8res","type":"rich","width":600,"height":338,"html":"<blockquote class=\"wp-embedded-content\" data-secret=\"7UqMhSx5Yf\"><a href=\"https:\/\/www.ricom-web8.com\/gestions\/entre-incitation-reglementaire-interet-strategique-a-agir\/\">Coop\u00e9rations hospitali\u00e8res : entre incitation r\u00e9glementaire et int\u00e9r\u00eat strat\u00e9gique \u00e0 agir<\/a><\/blockquote><iframe sandbox=\"allow-scripts\" security=\"restricted\" src=\"https:\/\/www.ricom-web8.com\/gestions\/entre-incitation-reglementaire-interet-strategique-a-agir\/embed\/#?secret=7UqMhSx5Yf\" width=\"600\" height=\"338\" title=\"\u00ab\u00a0Coop\u00e9rations hospitali\u00e8res : entre incitation r\u00e9glementaire et int\u00e9r\u00eat strat\u00e9gique \u00e0 agir\u00a0\u00bb &#8212; Gestions hospitali\u00e8res\" data-secret=\"7UqMhSx5Yf\" frameborder=\"0\" marginwidth=\"0\" marginheight=\"0\" scrolling=\"no\" class=\"wp-embedded-content\"><\/iframe><script type=\"text\/javascript\">\n\/* <![CDATA[ *\/\n\/*! This file is auto-generated *\/\n!function(d,l){\"use strict\";l.querySelector&&d.addEventListener&&\"undefined\"!=typeof URL&&(d.wp=d.wp||{},d.wp.receiveEmbedMessage||(d.wp.receiveEmbedMessage=function(e){var t=e.data;if((t||t.secret||t.message||t.value)&&!\/[^a-zA-Z0-9]\/.test(t.secret)){for(var s,r,n,a=l.querySelectorAll('iframe[data-secret=\"'+t.secret+'\"]'),o=l.querySelectorAll('blockquote[data-secret=\"'+t.secret+'\"]'),c=new RegExp(\"^https?:$\",\"i\"),i=0;i<o.length;i++)o[i].style.display=\"none\";for(i=0;i<a.length;i++)s=a[i],e.source===s.contentWindow&&(s.removeAttribute(\"style\"),\"height\"===t.message?(1e3<(r=parseInt(t.value,10))?r=1e3:~~r<200&&(r=200),s.height=r):\"link\"===t.message&&(r=new URL(s.getAttribute(\"src\")),n=new URL(t.value),c.test(n.protocol))&&n.host===r.host&&l.activeElement===s&&(d.top.location.href=t.value))}},d.addEventListener(\"message\",d.wp.receiveEmbedMessage,!1),l.addEventListener(\"DOMContentLoaded\",function(){for(var e,t,s=l.querySelectorAll(\"iframe.wp-embedded-content\"),r=0;r<s.length;r++)(t=(e=s[r]).getAttribute(\"data-secret\"))||(t=Math.random().toString(36).substring(2,12),e.src+=\"#?secret=\"+t,e.setAttribute(\"data-secret\",t)),e.contentWindow.postMessage({message:\"ready\",secret:t},\"*\")},!1)))}(window,document);\n\/* ]]> *\/\n<\/script>\n","description":"Dans le cadre de cette politique, la fusion a \u00e9t\u00e9 un dispositif de r\u00e9gulation longtemps encourag\u00e9. Pour autant, ces op\u00e9rations ont eu selon plusieurs observateurs, en particulier dans le secteur public, des r\u00e9sultats contrast\u00e9s\u2008(2)\u00a0et l\u2019on en vient \u00e0 interroger l\u2019efficacit\u00e9 de la m\u00e9thode. Parall\u00e8lement, \u00e0 l\u2019occasion de chaque r\u00e9forme hospitali\u00e8re, le l\u00e9gislateur semble vouloir s\u2019appuyer \u00e9galement sur des dispositifs de coop\u00e9ration pour conduire sa politique (voir l\u2019article de Catherine Keller,&hellip;"}