

{"version":"1.0","provider_name":"Gestions hospitali\u00e8res","provider_url":"https:\/\/www.ricom-web8.com\/gestions","author_name":"Gestions hospitali\u00e8res","author_url":"https:\/\/www.ricom-web8.com\/gestions\/author\/benjamin\/","title":"Entre politiques publiques et r\u00e9silience des Ehpad - Gestions hospitali\u00e8res","type":"rich","width":600,"height":338,"html":"<blockquote class=\"wp-embedded-content\" data-secret=\"ACHsKM41Sw\"><a href=\"https:\/\/www.ricom-web8.com\/gestions\/entre-politiques-publiques-et-resilience-des-ehpad\/\">Entre politiques publiques et r\u00e9silience des Ehpad<\/a><\/blockquote><iframe sandbox=\"allow-scripts\" security=\"restricted\" src=\"https:\/\/www.ricom-web8.com\/gestions\/entre-politiques-publiques-et-resilience-des-ehpad\/embed\/#?secret=ACHsKM41Sw\" width=\"600\" height=\"338\" title=\"\u00ab\u00a0Entre politiques publiques et r\u00e9silience des Ehpad\u00a0\u00bb &#8212; Gestions hospitali\u00e8res\" data-secret=\"ACHsKM41Sw\" frameborder=\"0\" marginwidth=\"0\" marginheight=\"0\" scrolling=\"no\" class=\"wp-embedded-content\"><\/iframe><script type=\"text\/javascript\">\n\/* <![CDATA[ *\/\n\/*! This file is auto-generated *\/\n!function(d,l){\"use strict\";l.querySelector&&d.addEventListener&&\"undefined\"!=typeof URL&&(d.wp=d.wp||{},d.wp.receiveEmbedMessage||(d.wp.receiveEmbedMessage=function(e){var t=e.data;if((t||t.secret||t.message||t.value)&&!\/[^a-zA-Z0-9]\/.test(t.secret)){for(var s,r,n,a=l.querySelectorAll('iframe[data-secret=\"'+t.secret+'\"]'),o=l.querySelectorAll('blockquote[data-secret=\"'+t.secret+'\"]'),c=new RegExp(\"^https?:$\",\"i\"),i=0;i<o.length;i++)o[i].style.display=\"none\";for(i=0;i<a.length;i++)s=a[i],e.source===s.contentWindow&&(s.removeAttribute(\"style\"),\"height\"===t.message?(1e3<(r=parseInt(t.value,10))?r=1e3:~~r<200&&(r=200),s.height=r):\"link\"===t.message&&(r=new URL(s.getAttribute(\"src\")),n=new URL(t.value),c.test(n.protocol))&&n.host===r.host&&l.activeElement===s&&(d.top.location.href=t.value))}},d.addEventListener(\"message\",d.wp.receiveEmbedMessage,!1),l.addEventListener(\"DOMContentLoaded\",function(){for(var e,t,s=l.querySelectorAll(\"iframe.wp-embedded-content\"),r=0;r<s.length;r++)(t=(e=s[r]).getAttribute(\"data-secret\"))||(t=Math.random().toString(36).substring(2,12),e.src+=\"#?secret=\"+t,e.setAttribute(\"data-secret\",t)),e.contentWindow.postMessage({message:\"ready\",secret:t},\"*\")},!1)))}(window,document);\n\/* ]]> *\/\n<\/script>\n","description":"L\u2019\u00c9tat fran\u00e7ais met en \u0153uvre des politiques publiques pour relever le d\u00e9fi de la transition d\u00e9mographique. Dans cette perspective, la loi relative \u00e0 l\u2019adoption de la soci\u00e9t\u00e9 au vieillissement r\u00e9pond \u00e0 deux priorit\u00e9s, celles du \u00ab\u2009bien-vieillir chez soi\u2009\u00bb et la r\u00e9affirmation des droits et des libert\u00e9s des personnes \u00e2g\u00e9es. Cette volont\u00e9 de transformation de l\u2019offre m\u00e9dico-\u00adsociale se poursuit en 2021\u2009[4] par la cr\u00e9ation de la cinqui\u00e8me branche de la s\u00e9curit\u00e9&hellip;"}