

{"version":"1.0","provider_name":"Gestions hospitali\u00e8res","provider_url":"https:\/\/www.ricom-web8.com\/gestions","author_name":"Gestions hospitali\u00e8res","author_url":"https:\/\/www.ricom-web8.com\/gestions\/author\/benjamin\/","title":"Espace r\u00e9gional, territoires et syst\u00e8mes d\u2019information de sant\u00e9 - Gestions hospitali\u00e8res","type":"rich","width":600,"height":338,"html":"<blockquote class=\"wp-embedded-content\" data-secret=\"XlNtCzRVCG\"><a href=\"https:\/\/www.ricom-web8.com\/gestions\/espace-regional-territoires-systemes-dinformation-de-sante\/\">Espace r\u00e9gional, territoires et syst\u00e8mes d\u2019information de sant\u00e9<\/a><\/blockquote><iframe sandbox=\"allow-scripts\" security=\"restricted\" src=\"https:\/\/www.ricom-web8.com\/gestions\/espace-regional-territoires-systemes-dinformation-de-sante\/embed\/#?secret=XlNtCzRVCG\" width=\"600\" height=\"338\" title=\"\u00ab\u00a0Espace r\u00e9gional, territoires et syst\u00e8mes d\u2019information de sant\u00e9\u00a0\u00bb &#8212; Gestions hospitali\u00e8res\" data-secret=\"XlNtCzRVCG\" frameborder=\"0\" marginwidth=\"0\" marginheight=\"0\" scrolling=\"no\" class=\"wp-embedded-content\"><\/iframe><script type=\"text\/javascript\">\n\/* <![CDATA[ *\/\n\/*! This file is auto-generated *\/\n!function(d,l){\"use strict\";l.querySelector&&d.addEventListener&&\"undefined\"!=typeof URL&&(d.wp=d.wp||{},d.wp.receiveEmbedMessage||(d.wp.receiveEmbedMessage=function(e){var t=e.data;if((t||t.secret||t.message||t.value)&&!\/[^a-zA-Z0-9]\/.test(t.secret)){for(var s,r,n,a=l.querySelectorAll('iframe[data-secret=\"'+t.secret+'\"]'),o=l.querySelectorAll('blockquote[data-secret=\"'+t.secret+'\"]'),c=new RegExp(\"^https?:$\",\"i\"),i=0;i<o.length;i++)o[i].style.display=\"none\";for(i=0;i<a.length;i++)s=a[i],e.source===s.contentWindow&&(s.removeAttribute(\"style\"),\"height\"===t.message?(1e3<(r=parseInt(t.value,10))?r=1e3:~~r<200&&(r=200),s.height=r):\"link\"===t.message&&(r=new URL(s.getAttribute(\"src\")),n=new URL(t.value),c.test(n.protocol))&&n.host===r.host&&l.activeElement===s&&(d.top.location.href=t.value))}},d.addEventListener(\"message\",d.wp.receiveEmbedMessage,!1),l.addEventListener(\"DOMContentLoaded\",function(){for(var e,t,s=l.querySelectorAll(\"iframe.wp-embedded-content\"),r=0;r<s.length;r++)(t=(e=s[r]).getAttribute(\"data-secret\"))||(t=Math.random().toString(36).substring(2,12),e.src+=\"#?secret=\"+t,e.setAttribute(\"data-secret\",t)),e.contentWindow.postMessage({message:\"ready\",secret:t},\"*\")},!1)))}(window,document);\n\/* ]]> *\/\n<\/script>\n","description":"Le 21 juillet 2009, le l\u00e9gislateur a renforc\u00e9 \u00e0 plus d\u2019un \u00e9gard le statut des syst\u00e8mes d\u2019information de sant\u00e9 (1). D\u00e9passant ce dont les agences r\u00e9gionales de l\u2019hospitalisation (ARH) avaient pu juridiquement (2) b\u00e9n\u00e9ficier d\u00e8s leur cr\u00e9ation en 1996, et au-del\u00e0 des traditionnelles transmissions obligatoires de donn\u00e9es relative aux ressources et aux activit\u00e9s, il pr\u00e9voit que \u00ab l\u2019agence r\u00e9gionale de sant\u00e9 est tenue inform\u00e9e par les organismes situ\u00e9s dans son&hellip;"}