

{"version":"1.0","provider_name":"Gestions hospitali\u00e8res","provider_url":"https:\/\/www.ricom-web8.com\/gestions","author_name":"Gestions hospitali\u00e8res","author_url":"https:\/\/www.ricom-web8.com\/gestions\/author\/benjamin\/","title":"Fid\u00e9lisation des m\u00e9decins anesth\u00e9sistes-r\u00e9animateurs - Gestions hospitali\u00e8res","type":"rich","width":600,"height":338,"html":"<blockquote class=\"wp-embedded-content\" data-secret=\"kInbbCC3sL\"><a href=\"https:\/\/www.ricom-web8.com\/gestions\/fidelisation-des-medecins-anesthesistes-reanimateurs\/\">Fid\u00e9lisation des m\u00e9decins anesth\u00e9sistes-r\u00e9animateurs<\/a><\/blockquote><iframe sandbox=\"allow-scripts\" security=\"restricted\" src=\"https:\/\/www.ricom-web8.com\/gestions\/fidelisation-des-medecins-anesthesistes-reanimateurs\/embed\/#?secret=kInbbCC3sL\" width=\"600\" height=\"338\" title=\"\u00ab\u00a0Fid\u00e9lisation des m\u00e9decins anesth\u00e9sistes-r\u00e9animateurs\u00a0\u00bb &#8212; Gestions hospitali\u00e8res\" data-secret=\"kInbbCC3sL\" frameborder=\"0\" marginwidth=\"0\" marginheight=\"0\" scrolling=\"no\" class=\"wp-embedded-content\"><\/iframe><script type=\"text\/javascript\">\n\/* <![CDATA[ *\/\n\/*! This file is auto-generated *\/\n!function(d,l){\"use strict\";l.querySelector&&d.addEventListener&&\"undefined\"!=typeof URL&&(d.wp=d.wp||{},d.wp.receiveEmbedMessage||(d.wp.receiveEmbedMessage=function(e){var t=e.data;if((t||t.secret||t.message||t.value)&&!\/[^a-zA-Z0-9]\/.test(t.secret)){for(var s,r,n,a=l.querySelectorAll('iframe[data-secret=\"'+t.secret+'\"]'),o=l.querySelectorAll('blockquote[data-secret=\"'+t.secret+'\"]'),c=new RegExp(\"^https?:$\",\"i\"),i=0;i<o.length;i++)o[i].style.display=\"none\";for(i=0;i<a.length;i++)s=a[i],e.source===s.contentWindow&&(s.removeAttribute(\"style\"),\"height\"===t.message?(1e3<(r=parseInt(t.value,10))?r=1e3:~~r<200&&(r=200),s.height=r):\"link\"===t.message&&(r=new URL(s.getAttribute(\"src\")),n=new URL(t.value),c.test(n.protocol))&&n.host===r.host&&l.activeElement===s&&(d.top.location.href=t.value))}},d.addEventListener(\"message\",d.wp.receiveEmbedMessage,!1),l.addEventListener(\"DOMContentLoaded\",function(){for(var e,t,s=l.querySelectorAll(\"iframe.wp-embedded-content\"),r=0;r<s.length;r++)(t=(e=s[r]).getAttribute(\"data-secret\"))||(t=Math.random().toString(36).substring(2,12),e.src+=\"#?secret=\"+t,e.setAttribute(\"data-secret\",t)),e.contentWindow.postMessage({message:\"ready\",secret:t},\"*\")},!1)))}(window,document);\n\/* ]]> *\/\n<\/script>\n","description":"Dans un contexte de p\u00e9nurie de professionnels de sant\u00e9, les h\u00f4pitaux font face \u00e0 des d\u00e9fis d\u2019attractivit\u00e9 et de fid\u00e9lisation sur certaines cat\u00e9gories de personnels. C\u2019est le cas des m\u00e9decins anesth\u00e9sistes-r\u00e9animateurs (MAR), dont l\u2019activit\u00e9 est aujourd\u2019hui particuli\u00e8rement touch\u00e9e par la crise sanitaire\u2009[1]. Cette tension est plus fortement perceptible dans le secteur public, o\u00f9 les demandes d\u2019int\u00e9rim m\u00e9dical(1) ne cessent d\u2019augmenter\u2009[2], parall\u00e8lement \u00e0 une augmentation du temps de travail des praticiens,&hellip;"}