

{"version":"1.0","provider_name":"Gestions hospitali\u00e8res","provider_url":"https:\/\/www.ricom-web8.com\/gestions","author_name":"Gestions hospitali\u00e8res","author_url":"https:\/\/www.ricom-web8.com\/gestions\/author\/benjamin\/","title":"G\u00e9rer la crise sanitaire en \u00e9tablissement p\u00e9nitentiaire - Gestions hospitali\u00e8res","type":"rich","width":600,"height":338,"html":"<blockquote class=\"wp-embedded-content\" data-secret=\"roxptBP0Fn\"><a href=\"https:\/\/www.ricom-web8.com\/gestions\/gerer-la-crise-sanitaire-en-etablissement-penitentiaire\/\">G\u00e9rer la crise sanitaire en \u00e9tablissement p\u00e9nitentiaire<\/a><\/blockquote><iframe sandbox=\"allow-scripts\" security=\"restricted\" src=\"https:\/\/www.ricom-web8.com\/gestions\/gerer-la-crise-sanitaire-en-etablissement-penitentiaire\/embed\/#?secret=roxptBP0Fn\" width=\"600\" height=\"338\" title=\"\u00ab\u00a0G\u00e9rer la crise sanitaire en \u00e9tablissement p\u00e9nitentiaire\u00a0\u00bb &#8212; Gestions hospitali\u00e8res\" data-secret=\"roxptBP0Fn\" frameborder=\"0\" marginwidth=\"0\" marginheight=\"0\" scrolling=\"no\" class=\"wp-embedded-content\"><\/iframe><script type=\"text\/javascript\">\n\/* <![CDATA[ *\/\n\/*! This file is auto-generated *\/\n!function(d,l){\"use strict\";l.querySelector&&d.addEventListener&&\"undefined\"!=typeof URL&&(d.wp=d.wp||{},d.wp.receiveEmbedMessage||(d.wp.receiveEmbedMessage=function(e){var t=e.data;if((t||t.secret||t.message||t.value)&&!\/[^a-zA-Z0-9]\/.test(t.secret)){for(var s,r,n,a=l.querySelectorAll('iframe[data-secret=\"'+t.secret+'\"]'),o=l.querySelectorAll('blockquote[data-secret=\"'+t.secret+'\"]'),c=new RegExp(\"^https?:$\",\"i\"),i=0;i<o.length;i++)o[i].style.display=\"none\";for(i=0;i<a.length;i++)s=a[i],e.source===s.contentWindow&&(s.removeAttribute(\"style\"),\"height\"===t.message?(1e3<(r=parseInt(t.value,10))?r=1e3:~~r<200&&(r=200),s.height=r):\"link\"===t.message&&(r=new URL(s.getAttribute(\"src\")),n=new URL(t.value),c.test(n.protocol))&&n.host===r.host&&l.activeElement===s&&(d.top.location.href=t.value))}},d.addEventListener(\"message\",d.wp.receiveEmbedMessage,!1),l.addEventListener(\"DOMContentLoaded\",function(){for(var e,t,s=l.querySelectorAll(\"iframe.wp-embedded-content\"),r=0;r<s.length;r++)(t=(e=s[r]).getAttribute(\"data-secret\"))||(t=Math.random().toString(36).substring(2,12),e.src+=\"#?secret=\"+t,e.setAttribute(\"data-secret\",t)),e.contentWindow.postMessage({message:\"ready\",secret:t},\"*\")},!1)))}(window,document);\n\/* ]]> *\/\n<\/script>\n","description":"Premi\u00e8re consid\u00e9ration\u2009: les usagers des deux services publics que sont l\u2019h\u00f4pital et le centre p\u00e9nitentiaire y sont conduits par la contrainte, bien que le niveau de cette derni\u00e8re soit tr\u00e8s diff\u00e9rent\u2009: le service public hospitalier assure la prise en charge de ses usagers suite \u00e0 une maladie, un accident, une maternit\u00e9\u2026, le service public p\u00e9nitentiaire participe \u00e0 l\u2019ex\u00e9cution des d\u00e9cisions p\u00e9nales(2). Ses usagers sont contraints puisqu\u2019une d\u00e9cision judiciaire ordonne leur&hellip;"}