

{"version":"1.0","provider_name":"Gestions hospitali\u00e8res","provider_url":"https:\/\/www.ricom-web8.com\/gestions","author_name":"Gestions hospitali\u00e8res","author_url":"https:\/\/www.ricom-web8.com\/gestions\/author\/benjamin\/","title":"Gestion des lits et des parcours - Gestions hospitali\u00e8res","type":"rich","width":600,"height":338,"html":"<blockquote class=\"wp-embedded-content\" data-secret=\"PUS5PP5tNL\"><a href=\"https:\/\/www.ricom-web8.com\/gestions\/gestion-des-lits-et-des-parcours\/\">Gestion des lits et des parcours<\/a><\/blockquote><iframe sandbox=\"allow-scripts\" security=\"restricted\" src=\"https:\/\/www.ricom-web8.com\/gestions\/gestion-des-lits-et-des-parcours\/embed\/#?secret=PUS5PP5tNL\" width=\"600\" height=\"338\" title=\"\u00ab\u00a0Gestion des lits et des parcours\u00a0\u00bb &#8212; Gestions hospitali\u00e8res\" data-secret=\"PUS5PP5tNL\" frameborder=\"0\" marginwidth=\"0\" marginheight=\"0\" scrolling=\"no\" class=\"wp-embedded-content\"><\/iframe><script type=\"text\/javascript\">\n\/* <![CDATA[ *\/\n\/*! This file is auto-generated *\/\n!function(d,l){\"use strict\";l.querySelector&&d.addEventListener&&\"undefined\"!=typeof URL&&(d.wp=d.wp||{},d.wp.receiveEmbedMessage||(d.wp.receiveEmbedMessage=function(e){var t=e.data;if((t||t.secret||t.message||t.value)&&!\/[^a-zA-Z0-9]\/.test(t.secret)){for(var s,r,n,a=l.querySelectorAll('iframe[data-secret=\"'+t.secret+'\"]'),o=l.querySelectorAll('blockquote[data-secret=\"'+t.secret+'\"]'),c=new RegExp(\"^https?:$\",\"i\"),i=0;i<o.length;i++)o[i].style.display=\"none\";for(i=0;i<a.length;i++)s=a[i],e.source===s.contentWindow&&(s.removeAttribute(\"style\"),\"height\"===t.message?(1e3<(r=parseInt(t.value,10))?r=1e3:~~r<200&&(r=200),s.height=r):\"link\"===t.message&&(r=new URL(s.getAttribute(\"src\")),n=new URL(t.value),c.test(n.protocol))&&n.host===r.host&&l.activeElement===s&&(d.top.location.href=t.value))}},d.addEventListener(\"message\",d.wp.receiveEmbedMessage,!1),l.addEventListener(\"DOMContentLoaded\",function(){for(var e,t,s=l.querySelectorAll(\"iframe.wp-embedded-content\"),r=0;r<s.length;r++)(t=(e=s[r]).getAttribute(\"data-secret\"))||(t=Math.random().toString(36).substring(2,12),e.src+=\"#?secret=\"+t,e.setAttribute(\"data-secret\",t)),e.contentWindow.postMessage({message:\"ready\",secret:t},\"*\")},!1)))}(window,document);\n\/* ]]> *\/\n<\/script>\n","description":"Inscrite dans la mesure 12 du pacte de refondation des urgences (2020), la d\u00e9marche de gestion des lits constitue un levier pour faciliter l\u2019organisation des admissions directes non programm\u00e9es, notamment celles des personnes \u00e2g\u00e9es (mesure 5 du pacte). Charg\u00e9e d\u2019\u00e9valuer les mesures d\u00e9rogatoires portant sur les soins urgents et non programm\u00e9s institu\u00e9es durant l\u2019\u00e9t\u00e9 2022, la mission de l\u2019Inspection g\u00e9n\u00e9rale des affaires sociales (Igas) consid\u00e8re la mise en place de&hellip;"}