

{"version":"1.0","provider_name":"Gestions hospitali\u00e8res","provider_url":"https:\/\/www.ricom-web8.com\/gestions","author_name":"Gestions hospitali\u00e8res","author_url":"https:\/\/www.ricom-web8.com\/gestions\/author\/benjamin\/","title":"Grande d\u00e9mission et fin de l\u2019abondance - Gestions hospitali\u00e8res","type":"rich","width":600,"height":338,"html":"<blockquote class=\"wp-embedded-content\" data-secret=\"2s14PVpPfd\"><a href=\"https:\/\/www.ricom-web8.com\/gestions\/grande-demission-et-fin-de-labondance\/\">Grande d\u00e9mission et fin de l\u2019abondance<\/a><\/blockquote><iframe sandbox=\"allow-scripts\" security=\"restricted\" src=\"https:\/\/www.ricom-web8.com\/gestions\/grande-demission-et-fin-de-labondance\/embed\/#?secret=2s14PVpPfd\" width=\"600\" height=\"338\" title=\"\u00ab\u00a0Grande d\u00e9mission et fin de l\u2019abondance\u00a0\u00bb &#8212; Gestions hospitali\u00e8res\" data-secret=\"2s14PVpPfd\" frameborder=\"0\" marginwidth=\"0\" marginheight=\"0\" scrolling=\"no\" class=\"wp-embedded-content\"><\/iframe><script type=\"text\/javascript\">\n\/* <![CDATA[ *\/\n\/*! This file is auto-generated *\/\n!function(d,l){\"use strict\";l.querySelector&&d.addEventListener&&\"undefined\"!=typeof URL&&(d.wp=d.wp||{},d.wp.receiveEmbedMessage||(d.wp.receiveEmbedMessage=function(e){var t=e.data;if((t||t.secret||t.message||t.value)&&!\/[^a-zA-Z0-9]\/.test(t.secret)){for(var s,r,n,a=l.querySelectorAll('iframe[data-secret=\"'+t.secret+'\"]'),o=l.querySelectorAll('blockquote[data-secret=\"'+t.secret+'\"]'),c=new RegExp(\"^https?:$\",\"i\"),i=0;i<o.length;i++)o[i].style.display=\"none\";for(i=0;i<a.length;i++)s=a[i],e.source===s.contentWindow&&(s.removeAttribute(\"style\"),\"height\"===t.message?(1e3<(r=parseInt(t.value,10))?r=1e3:~~r<200&&(r=200),s.height=r):\"link\"===t.message&&(r=new URL(s.getAttribute(\"src\")),n=new URL(t.value),c.test(n.protocol))&&n.host===r.host&&l.activeElement===s&&(d.top.location.href=t.value))}},d.addEventListener(\"message\",d.wp.receiveEmbedMessage,!1),l.addEventListener(\"DOMContentLoaded\",function(){for(var e,t,s=l.querySelectorAll(\"iframe.wp-embedded-content\"),r=0;r<s.length;r++)(t=(e=s[r]).getAttribute(\"data-secret\"))||(t=Math.random().toString(36).substring(2,12),e.src+=\"#?secret=\"+t,e.setAttribute(\"data-secret\",t)),e.contentWindow.postMessage({message:\"ready\",secret:t},\"*\")},!1)))}(window,document);\n\/* ]]> *\/\n<\/script>\n","description":"Les causes de ce manque \u00e9vident d\u2019attractivit\u00e9 s\u2019av\u00e8rent multiples et t\u00e9moignent d\u2019une \u00e9volution historique des motivations et des parcours professionnels, tout comme des champs pr\u00e9cit\u00e9s d\u2019activit\u00e9 eux-m\u00eames(2), mais plus encore d\u2019une v\u00e9ritable mutation soci\u00e9tale. Le message du pr\u00e9sident de la R\u00e9publique \u00e0 propos de la \u00ab\u2009fin de l\u2019abondance\u2009\u00bb est loin d\u2019\u00eatre anecdotique mais annonce, l\u2019air de rien, la couleur (douleur) des prochaines d\u00e9cennies. Certes, il existe des facteurs objectifs \u00e0&hellip;"}