

{"version":"1.0","provider_name":"Gestions hospitali\u00e8res","provider_url":"https:\/\/www.ricom-web8.com\/gestions","author_name":"Gestions hospitali\u00e8res","author_url":"https:\/\/www.ricom-web8.com\/gestions\/author\/benjamin\/","title":"Impact, gestion et cons\u00e9quences de l\u2019\u00e9pid\u00e9mie - Gestions hospitali\u00e8res","type":"rich","width":600,"height":338,"html":"<blockquote class=\"wp-embedded-content\" data-secret=\"5Gdf0ovUCq\"><a href=\"https:\/\/www.ricom-web8.com\/gestions\/impact-gestion-et-consequences-de-lepidemie\/\">Impact, gestion et cons\u00e9quences de l\u2019\u00e9pid\u00e9mie<\/a><\/blockquote><iframe sandbox=\"allow-scripts\" security=\"restricted\" src=\"https:\/\/www.ricom-web8.com\/gestions\/impact-gestion-et-consequences-de-lepidemie\/embed\/#?secret=5Gdf0ovUCq\" width=\"600\" height=\"338\" title=\"\u00ab\u00a0Impact, gestion et cons\u00e9quences de l\u2019\u00e9pid\u00e9mie\u00a0\u00bb &#8212; Gestions hospitali\u00e8res\" data-secret=\"5Gdf0ovUCq\" frameborder=\"0\" marginwidth=\"0\" marginheight=\"0\" scrolling=\"no\" class=\"wp-embedded-content\"><\/iframe><script type=\"text\/javascript\">\n\/* <![CDATA[ *\/\n\/*! This file is auto-generated *\/\n!function(d,l){\"use strict\";l.querySelector&&d.addEventListener&&\"undefined\"!=typeof URL&&(d.wp=d.wp||{},d.wp.receiveEmbedMessage||(d.wp.receiveEmbedMessage=function(e){var t=e.data;if((t||t.secret||t.message||t.value)&&!\/[^a-zA-Z0-9]\/.test(t.secret)){for(var s,r,n,a=l.querySelectorAll('iframe[data-secret=\"'+t.secret+'\"]'),o=l.querySelectorAll('blockquote[data-secret=\"'+t.secret+'\"]'),c=new RegExp(\"^https?:$\",\"i\"),i=0;i<o.length;i++)o[i].style.display=\"none\";for(i=0;i<a.length;i++)s=a[i],e.source===s.contentWindow&&(s.removeAttribute(\"style\"),\"height\"===t.message?(1e3<(r=parseInt(t.value,10))?r=1e3:~~r<200&&(r=200),s.height=r):\"link\"===t.message&&(r=new URL(s.getAttribute(\"src\")),n=new URL(t.value),c.test(n.protocol))&&n.host===r.host&&l.activeElement===s&&(d.top.location.href=t.value))}},d.addEventListener(\"message\",d.wp.receiveEmbedMessage,!1),l.addEventListener(\"DOMContentLoaded\",function(){for(var e,t,s=l.querySelectorAll(\"iframe.wp-embedded-content\"),r=0;r<s.length;r++)(t=(e=s[r]).getAttribute(\"data-secret\"))||(t=Math.random().toString(36).substring(2,12),e.src+=\"#?secret=\"+t,e.setAttribute(\"data-secret\",t)),e.contentWindow.postMessage({message:\"ready\",secret:t},\"*\")},!1)))}(window,document);\n\/* ]]> *\/\n<\/script>\n","description":"Assurant des missions de proximit\u00e9 et de recours au sud de l\u2019\u00cele-de-France, le CH Sud Francilien (CHSF) et le CH d\u2019Arpajon (CHA) sont deux \u00e9tablissements publics de sant\u00e9 situ\u00e9s sur le territoire de sant\u00e9 de l\u2019Essonne. Le CHSF a une capacit\u00e9 de 1\u2009100 lits et places MCO, caract\u00e9ris\u00e9e par une offre de soins g\u00e9n\u00e9ralistes, d\u2019urgence et critiques. Centre p\u00e9rinatal de type III et si\u00e8ge du Samu 91, il assure des&hellip;"}