

{"version":"1.0","provider_name":"Gestions hospitali\u00e8res","provider_url":"https:\/\/www.ricom-web8.com\/gestions","author_name":"yann Le Sager","author_url":"https:\/\/www.ricom-web8.com\/gestions\/author\/lesager-yannstudioricom-com\/","title":"La \u00ab d\u00e9viance \u00bb sociale chez les mineurs - Gestions hospitali\u00e8res","type":"rich","width":600,"height":338,"html":"<blockquote class=\"wp-embedded-content\" data-secret=\"Z7NkHbFEqx\"><a href=\"https:\/\/www.ricom-web8.com\/gestions\/la-deviance-sociale-chez-les-mineurs\/\">La \u00ab d\u00e9viance \u00bb sociale chez les mineurs<\/a><\/blockquote><iframe sandbox=\"allow-scripts\" security=\"restricted\" src=\"https:\/\/www.ricom-web8.com\/gestions\/la-deviance-sociale-chez-les-mineurs\/embed\/#?secret=Z7NkHbFEqx\" width=\"600\" height=\"338\" title=\"\u00ab\u00a0La \u00ab d\u00e9viance \u00bb sociale chez les mineurs\u00a0\u00bb &#8212; Gestions hospitali\u00e8res\" data-secret=\"Z7NkHbFEqx\" frameborder=\"0\" marginwidth=\"0\" marginheight=\"0\" scrolling=\"no\" class=\"wp-embedded-content\"><\/iframe><script type=\"text\/javascript\">\n\/* <![CDATA[ *\/\n\/*! This file is auto-generated *\/\n!function(d,l){\"use strict\";l.querySelector&&d.addEventListener&&\"undefined\"!=typeof URL&&(d.wp=d.wp||{},d.wp.receiveEmbedMessage||(d.wp.receiveEmbedMessage=function(e){var t=e.data;if((t||t.secret||t.message||t.value)&&!\/[^a-zA-Z0-9]\/.test(t.secret)){for(var s,r,n,a=l.querySelectorAll('iframe[data-secret=\"'+t.secret+'\"]'),o=l.querySelectorAll('blockquote[data-secret=\"'+t.secret+'\"]'),c=new RegExp(\"^https?:$\",\"i\"),i=0;i<o.length;i++)o[i].style.display=\"none\";for(i=0;i<a.length;i++)s=a[i],e.source===s.contentWindow&&(s.removeAttribute(\"style\"),\"height\"===t.message?(1e3<(r=parseInt(t.value,10))?r=1e3:~~r<200&&(r=200),s.height=r):\"link\"===t.message&&(r=new URL(s.getAttribute(\"src\")),n=new URL(t.value),c.test(n.protocol))&&n.host===r.host&&l.activeElement===s&&(d.top.location.href=t.value))}},d.addEventListener(\"message\",d.wp.receiveEmbedMessage,!1),l.addEventListener(\"DOMContentLoaded\",function(){for(var e,t,s=l.querySelectorAll(\"iframe.wp-embedded-content\"),r=0;r<s.length;r++)(t=(e=s[r]).getAttribute(\"data-secret\"))||(t=Math.random().toString(36).substring(2,12),e.src+=\"#?secret=\"+t,e.setAttribute(\"data-secret\",t)),e.contentWindow.postMessage({message:\"ready\",secret:t},\"*\")},!1)))}(window,document);\n\/* ]]> *\/\n<\/script>\n","description":"\ufeffEn juin 2009, un groupe interprofessionnel d\u2019\u00e9l\u00e8ves de l\u2019\u00c9cole des hautes \u00e9tudes en sant\u00e9 publique* a r\u00e9dig\u00e9 un travail relatif \u00e0 la prise en charge sanitaire des adolescents dans les centres \u00e9ducatifs ferm\u00e9s. Son prologue, d\u00e9crivant l\u2019\u00e9volution historique des moyens de canalisation de la d\u00e9sob\u00e9issance juv\u00e9nile, est reproduit ici, compl\u00e9t\u00e9 par une introduction ainsi qu\u2019une conclusion actualis\u00e9e."}