

{"version":"1.0","provider_name":"Gestions hospitali\u00e8res","provider_url":"https:\/\/www.ricom-web8.com\/gestions","author_name":"Gestions hospitali\u00e8res","author_url":"https:\/\/www.ricom-web8.com\/gestions\/author\/benjamin\/","title":"La m\u00e9decine g\u00e9nomique horizon 2025 - Gestions hospitali\u00e8res","type":"rich","width":600,"height":338,"html":"<blockquote class=\"wp-embedded-content\" data-secret=\"6ddmxJly8s\"><a href=\"https:\/\/www.ricom-web8.com\/gestions\/la-medecine-genomique-horizon-2025\/\">La m\u00e9decine g\u00e9nomique horizon 2025<\/a><\/blockquote><iframe sandbox=\"allow-scripts\" security=\"restricted\" src=\"https:\/\/www.ricom-web8.com\/gestions\/la-medecine-genomique-horizon-2025\/embed\/#?secret=6ddmxJly8s\" width=\"600\" height=\"338\" title=\"\u00ab\u00a0La m\u00e9decine g\u00e9nomique horizon 2025\u00a0\u00bb &#8212; Gestions hospitali\u00e8res\" data-secret=\"6ddmxJly8s\" frameborder=\"0\" marginwidth=\"0\" marginheight=\"0\" scrolling=\"no\" class=\"wp-embedded-content\"><\/iframe><script type=\"text\/javascript\">\n\/* <![CDATA[ *\/\n\/*! This file is auto-generated *\/\n!function(d,l){\"use strict\";l.querySelector&&d.addEventListener&&\"undefined\"!=typeof URL&&(d.wp=d.wp||{},d.wp.receiveEmbedMessage||(d.wp.receiveEmbedMessage=function(e){var t=e.data;if((t||t.secret||t.message||t.value)&&!\/[^a-zA-Z0-9]\/.test(t.secret)){for(var s,r,n,a=l.querySelectorAll('iframe[data-secret=\"'+t.secret+'\"]'),o=l.querySelectorAll('blockquote[data-secret=\"'+t.secret+'\"]'),c=new RegExp(\"^https?:$\",\"i\"),i=0;i<o.length;i++)o[i].style.display=\"none\";for(i=0;i<a.length;i++)s=a[i],e.source===s.contentWindow&&(s.removeAttribute(\"style\"),\"height\"===t.message?(1e3<(r=parseInt(t.value,10))?r=1e3:~~r<200&&(r=200),s.height=r):\"link\"===t.message&&(r=new URL(s.getAttribute(\"src\")),n=new URL(t.value),c.test(n.protocol))&&n.host===r.host&&l.activeElement===s&&(d.top.location.href=t.value))}},d.addEventListener(\"message\",d.wp.receiveEmbedMessage,!1),l.addEventListener(\"DOMContentLoaded\",function(){for(var e,t,s=l.querySelectorAll(\"iframe.wp-embedded-content\"),r=0;r<s.length;r++)(t=(e=s[r]).getAttribute(\"data-secret\"))||(t=Math.random().toString(36).substring(2,12),e.src+=\"#?secret=\"+t,e.setAttribute(\"data-secret\",t)),e.contentWindow.postMessage({message:\"ready\",secret:t},\"*\")},!1)))}(window,document);\n\/* ]]> *\/\n<\/script>\n","description":"Dans les maladies rares, il s\u2019agit avant tout de lutter contre l\u2019impasse diagnostique en identifiant la cause g\u00e9n\u00e9tique de la maladie. Les maladies rares constituent un enjeu majeur de sant\u00e9 publique, avec 3\u00a0millions de personnes touch\u00e9es par 7\u2009000 maladies diff\u00e9rentes en France, dont 80\u2009% ont une origine g\u00e9n\u00e9tique(2). On estime que la moiti\u00e9 des patients atteints d\u2019une maladie rare restent sans diagnostic pr\u00e9cis. L\u2019\u00e9tablissement d\u2019un diagnostic g\u00e9n\u00e9tique causal apporte pourtant&hellip;"}