

{"version":"1.0","provider_name":"Gestions hospitali\u00e8res","provider_url":"https:\/\/www.ricom-web8.com\/gestions","author_name":"Gestions hospitali\u00e8res","author_url":"https:\/\/www.ricom-web8.com\/gestions\/author\/benjamin\/","title":"La personnalit\u00e9 en management - Gestions hospitali\u00e8res","type":"rich","width":600,"height":338,"html":"<blockquote class=\"wp-embedded-content\" data-secret=\"gSmKjQSYKT\"><a href=\"https:\/\/www.ricom-web8.com\/gestions\/la-personnalite-en-management\/\">La personnalit\u00e9 en management<\/a><\/blockquote><iframe sandbox=\"allow-scripts\" security=\"restricted\" src=\"https:\/\/www.ricom-web8.com\/gestions\/la-personnalite-en-management\/embed\/#?secret=gSmKjQSYKT\" width=\"600\" height=\"338\" title=\"\u00ab\u00a0La personnalit\u00e9 en management\u00a0\u00bb &#8212; Gestions hospitali\u00e8res\" data-secret=\"gSmKjQSYKT\" frameborder=\"0\" marginwidth=\"0\" marginheight=\"0\" scrolling=\"no\" class=\"wp-embedded-content\"><\/iframe><script type=\"text\/javascript\">\n\/* <![CDATA[ *\/\n\/*! This file is auto-generated *\/\n!function(d,l){\"use strict\";l.querySelector&&d.addEventListener&&\"undefined\"!=typeof URL&&(d.wp=d.wp||{},d.wp.receiveEmbedMessage||(d.wp.receiveEmbedMessage=function(e){var t=e.data;if((t||t.secret||t.message||t.value)&&!\/[^a-zA-Z0-9]\/.test(t.secret)){for(var s,r,n,a=l.querySelectorAll('iframe[data-secret=\"'+t.secret+'\"]'),o=l.querySelectorAll('blockquote[data-secret=\"'+t.secret+'\"]'),c=new RegExp(\"^https?:$\",\"i\"),i=0;i<o.length;i++)o[i].style.display=\"none\";for(i=0;i<a.length;i++)s=a[i],e.source===s.contentWindow&&(s.removeAttribute(\"style\"),\"height\"===t.message?(1e3<(r=parseInt(t.value,10))?r=1e3:~~r<200&&(r=200),s.height=r):\"link\"===t.message&&(r=new URL(s.getAttribute(\"src\")),n=new URL(t.value),c.test(n.protocol))&&n.host===r.host&&l.activeElement===s&&(d.top.location.href=t.value))}},d.addEventListener(\"message\",d.wp.receiveEmbedMessage,!1),l.addEventListener(\"DOMContentLoaded\",function(){for(var e,t,s=l.querySelectorAll(\"iframe.wp-embedded-content\"),r=0;r<s.length;r++)(t=(e=s[r]).getAttribute(\"data-secret\"))||(t=Math.random().toString(36).substring(2,12),e.src+=\"#?secret=\"+t,e.setAttribute(\"data-secret\",t)),e.contentWindow.postMessage({message:\"ready\",secret:t},\"*\")},!1)))}(window,document);\n\/* ]]> *\/\n<\/script>\n","description":"De l\u2019importance de percevoir le caract\u00e8re des individus Le caract\u00e8re est une notion complexe dans le champ lexical de l\u2019identit\u00e9. Pour d\u00e9finir qui nous sommes, nous parlons indistinctement d\u2019humeur, de caract\u00e8re, de personnalit\u00e9, de comportement, de passions, d\u2019\u00e9motions, de pulsions. Cette complexit\u00e9 rebute de prime abord. Du caract\u00e8re, les managers s\u2019en d\u00e9fendent, laissant ce sujet \u00e0 la psychologie. Au moment de poursuivre l\u2019analyse, les sciences humaines elles-m\u00eames redoublent leur r\u00e9flexion&hellip;"}